{"id":11801,"date":"2021-01-04T09:56:10","date_gmt":"2021-01-04T08:56:10","guid":{"rendered":"http:\/\/barbarafluxa.com\/?page_id=11801"},"modified":"2021-01-04T13:21:23","modified_gmt":"2021-01-04T12:21:23","slug":"listado-prensa-y-medios","status":"publish","type":"page","link":"https:\/\/barbarafluxa.com\/en\/info\/prensa-y-critica\/listado-prensa-y-medios\/","title":{"rendered":"Listado Prensa &#038; Medios"},"content":{"rendered":"<div data-elementor-type=\"wp-page\" data-elementor-id=\"11801\" class=\"elementor elementor-11801\" data-elementor-settings=\"{&quot;ha_cmc_init_switcher&quot;:&quot;no&quot;}\" data-elementor-post-type=\"page\">\n\t\t\t\t\t\t<section class=\"elementor-section elementor-top-section elementor-element elementor-element-825cd39 elementor-section-boxed elementor-section-height-default elementor-section-height-default\" data-id=\"825cd39\" data-element_type=\"section\" data-settings=\"{&quot;_ha_eqh_enable&quot;:false}\">\n\t\t\t\t\t\t<div class=\"elementor-container elementor-column-gap-default\">\n\t\t\t\t\t<div class=\"elementor-column elementor-col-100 elementor-top-column elementor-element elementor-element-89c11d9\" data-id=\"89c11d9\" data-element_type=\"column\">\n\t\t\t<div class=\"elementor-widget-wrap elementor-element-populated\">\n\t\t\t\t\t\t<div class=\"elementor-element elementor-element-d11ed3b elementor-widget elementor-widget-heading\" data-id=\"d11ed3b\" data-element_type=\"widget\" data-widget_type=\"heading.default\">\n\t\t\t\t<div class=\"elementor-widget-container\">\n\t\t\t<h2 class=\"elementor-heading-title elementor-size-default\">LISTADO PRENSA & MEDIOS<\/h2>\t\t<\/div>\n\t\t\t\t<\/div>\n\t\t\t\t<div class=\"elementor-element elementor-element-ad90223 elementor-widget elementor-widget-spacer\" data-id=\"ad90223\" data-element_type=\"widget\" data-widget_type=\"spacer.default\">\n\t\t\t\t<div class=\"elementor-widget-container\">\n\t\t\t\t\t<div class=\"elementor-spacer\">\n\t\t\t<div class=\"elementor-spacer-inner\"><\/div>\n\t\t<\/div>\n\t\t\t\t<\/div>\n\t\t\t\t<\/div>\n\t\t\t\t\t<\/div>\n\t\t<\/div>\n\t\t\t\t\t<\/div>\n\t\t<\/section>\n\t\t\t\t<section class=\"elementor-section elementor-top-section elementor-element elementor-element-848dc4b elementor-section-boxed elementor-section-height-default elementor-section-height-default\" data-id=\"848dc4b\" data-element_type=\"section\" data-settings=\"{&quot;_ha_eqh_enable&quot;:false}\">\n\t\t\t\t\t\t<div class=\"elementor-container elementor-column-gap-default\">\n\t\t\t\t\t<div class=\"elementor-column elementor-col-100 elementor-top-column elementor-element elementor-element-dd27788\" data-id=\"dd27788\" data-element_type=\"column\">\n\t\t\t<div class=\"elementor-widget-wrap elementor-element-populated\">\n\t\t\t\t\t\t<div class=\"elementor-element elementor-element-2722c0f elementor-widget elementor-widget-text-editor\" data-id=\"2722c0f\" data-element_type=\"widget\" data-widget_type=\"text-editor.default\">\n\t\t\t\t<div class=\"elementor-widget-container\">\n\t\t\t\t\t\t\t<p class=\"font_9\"><b>El Cultural-El Mundo&nbsp;(Nacional).<\/b> Jose M. &nbsp;Parre\u00f1o.&nbsp;\u00abHybris, la salud de nuestro planeta\u00bb. 30\/6\/2017. P\u00e1g. 28\/29.<\/p>\n<p class=\"font_9\"><b>ABC Cultural-ABC&nbsp;(Nacional). <\/b>Noem\u00ed M\u00e9ndez.&nbsp;\u00abEl MUSAC se pone de verde\u00bb. 08\/07\/2017. P\u00e1g. 18.<\/p>\n<p class=\"font_9\"><b>La Opini\u00f3n&nbsp;(Zamora).<\/b> B. Blanco Garc\u00eda. \u00abVida bajo las aguas\u00bb. 05\/05\/2017. P\u00e1g. 10. (exposici\u00f3n individual).<\/p>\n<p class=\"font_9\">\n<\/p><p class=\"font_9\"><b>TVE La 2&nbsp;(Programa La aventura del saber)<\/b>. Reportaje&nbsp; \u00abAprendiendo de las Cuencas\u00bb. 10\/02\/2014.<\/p>\n<p class=\"font_9\">\n<\/p><p class=\"font_9\"><b>El Pa\u00eds Babelia&nbsp;(Nacional).<\/b> Chus Mart\u00ednez Dom\u00ednguez. \u00abArtefactos de memoria\u00bb. 14\/12\/2013. P\u00e1g. 16.<\/p>\n<p class=\"font_9\"><b>El Comercio&nbsp;&#8211; La Voz de Avil\u00e9s (Asturias).<\/b> \u00c1ngel A. Rodriguez. \u00abMutaciones del paisaje\u00bb. 05\/10\/2013. P\u00e1g. 6.&nbsp;&nbsp;&nbsp;&nbsp;&nbsp;&nbsp;&nbsp;&nbsp;<\/p>\n<p class=\"font_9\"><b>La Nueva Espa\u00f1a&nbsp;(Asturias).<\/b> P. Rubiera. \u00abLa potencia paisaj\u00edstica de las Cuencas\u00bb. 28.09.13. P\u00e1g. 61.<\/p>\n<p class=\"font_9\"><b>La Nueva Espa\u00f1a (Asturias).<\/b> P. Casta\u00f1o.&nbsp;\u00abEl paisaje de las Cuencas, exposici\u00f3n en Oviedo y en la LABoral de Gij\u00f3n\u00bb. 06\/05\/2013. P\u00e1g. 15.<\/p>\n<p class=\"font_9\"><b>TVE La 2&nbsp;(Programa Metr\u00f3polis).<\/b> Reportaje&nbsp;&nbsp;\u00abCampo Adentro\u00bb.&nbsp;Fecha: 02\/09\/2013.<\/p>\n<p class=\"font_8\"><span class=\"wixGuard\"><\/span><\/p>\n<p class=\"font_9\"><b>El Pa\u00eds&nbsp;(Nacional).<\/b> Roc\u00edo Huerta. \u00abLa vida de pueblo inspira arte joven\u00bb. 21\/5\/2012. P\u00e1g. 53.<\/p>\n<p class=\"font_9\"><b>Vivir Extremadura (Revista Ext.).<\/b> M. A. Fern\u00e1ndez. \u00abTrasterminancia. Un viaje a huellas pret\u00e9ritas\u00bb. 10\/2012. Pag. 4-8.<\/p>\n<p class=\"font_9\"><b>La Opini\u00f3n&nbsp;(Zamora).<\/b> Ram\u00f3n M. Carnero. \u00abAlmeida presenta Argusino paisaje cultural sumergido\u00bb. 25\/8\/2012. P\u00e1g. 28. (exposici\u00f3n individual).<\/p>\n<p class=\"font_9\"><span class=\"wixGuard\"><\/span><\/p>\n<p class=\"font_9\"><b>El Mundo&nbsp;(Cantabria).<\/b> Irene Sainz. \u00abB\u00e1rbara Flux\u00e1 analiza con precisi\u00f3n cient\u00edfica la huella del ser humano\u00bb.&nbsp;28\/5\/2011. P\u00e1g. 27. (exposici\u00f3n individual).<\/p>\n<p class=\"font_9\"><b>El Diario Monta\u00f1\u00e9s&nbsp;(Cantabria).<\/b> Guillermo Balbona. \u00abCartograf\u00eda de la memoria\u00bb. 28\/5\/2012. P\u00e1g. 49 (exposici\u00f3n individual).<\/p>\n<p class=\"font_9\"><b>Alerta&nbsp;(Cantabria).<\/b> S\/N.&nbsp;\u00abB\u00e1rbara Flux\u00e1 explora la capacidad del ser humano para crear paisajes\u00bb. 28\/5\/2012. P\u00e1g. 56 (exposici\u00f3n individual).<\/p>\n<p class=\"font_9\"><b>La Nueva Espa\u00f1a&nbsp;(Asturias).<\/b> Elisa Campo.&nbsp;\u00abValey, apertura del nuevo centro cultural de Castrill\u00f3n\u00bb. 23\/1\/2011. P\u00e1g. 6 (exposici\u00f3n individual).<\/p>\n<p class=\"font_9\"><b>Informazione&nbsp;(Nacional, Italia).<\/b> Debora Agostini. \u00abVittoria dell\u00b4artista Barbara Fluxa del Navarino Art Award\u00bb. 05\/07\/2011. (exposici\u00f3n individual).<\/p>\n<p class=\"font_9\"><b>Actualit\u00e9 Gr\u00e8ce&nbsp;(Nacional, Grecia).&nbsp;<\/b>\u00abLe Navarino Natura Hall r\u00e9compense Barbara Fluxa\u00bb.&nbsp;05\/07\/2011. (exposici\u00f3n individual).<\/p>\n<p class=\"font_9\"><b>La Nueva Espa\u00f1a&nbsp;(Asturias).<\/b> Elisa Campo. \u00abB\u00e1rbara Flux\u00e1: Entrevista\u00bb. 23\/01\/2011. P\u00e1g. 6. (exposici\u00f3n individual).<\/p>\n<p class=\"font_9\"><b>El Mundo.&nbsp;El Cultural (Nacional).<\/b> Bea Espejo.&nbsp;\u00abArt show, curators \/ network\u00bb.&nbsp;18\/11\/2011.<\/p>\n<p class=\"font_9\"><b>La Nueva Espa\u00f1a&nbsp;(Asturias).<\/b> In\u00e9s Montes.&nbsp;\u00abLaboral y Valey, alianza por amor al arte\u00bb.&nbsp;12\/01\/2011. P\u00e1g. 9.<\/p>\n<p class=\"font_9\"><span class=\"wixGuard\"><\/span><\/p>\n<p class=\"font_9\"><b>La Nueva Espa\u00f1a&nbsp;(Asturias).<\/b> In\u00e9s Montes.&nbsp;\u00abLa muestra de Laboral \u00abRastros e indicios\u00bb inaugura Valey\u00bb. 29\/09\/2010. P\u00e1g. 8.<\/p>\n<p class=\"font_9\"><span class=\"wixGuard\"><\/span><\/p>\n<p class=\"font_9\"><b>La Nueva Espa\u00f1a&nbsp;(Asturias).<\/b> V. D\u00edaz Pe\u00f1as.&nbsp;\u00abDel fondo del Nal\u00f3n a una exposici\u00f3n en la Laboral\u00bb.&nbsp;28\/7\/2009. P\u00e1g. 10 (exposici\u00f3n individual).<\/p>\n<p class=\"font_9\"><b>Televisi\u00f3n auton\u00f3mica TPA&nbsp;(Asturias).<\/b> Reportaje TV.&nbsp;\u00abB\u00e1rbara Flux\u00e1. El proceso como paradigma\u00bb. 20\/08\/2009. (exposici\u00f3n individual).<\/p>\n<p class=\"font_9\"><b>Tendencias del mercado del arte&nbsp;(Nacional).<\/b> Jose Marin Medina.&nbsp;\u00abEl futuro es suyo\u00bb.&nbsp;Marzo\/2009. P\u00e1g. 30 (exposici\u00f3n individual).<\/p>\n<p class=\"font_9\"><span class=\"wixGuard\"><\/span><\/p>\n<p class=\"font_9\"><b>ABC de las Artes ABCD&nbsp;(Nacional).<\/b> Jos\u00e9 Manuel Costa.&nbsp;\u00abTecnolog\u00eda transparente\u00bb.&nbsp;21\/11\/2009. P\u00e1g. 36<\/p>\n<p class=\"font_9\"><b>El Pa\u00eds&nbsp;(Nacional). Roberta Bosco.<\/b>&nbsp;\u00abDe las ruinas del pasado a la tormenta del futuro\u00bb. 05\/12\/2009. P\u00e1g. 45.<\/p>\n<p class=\"font_9\"><b>El Mundo. El Cultural&nbsp;(Nacional).<\/b> Victor del R\u00edo.&nbsp;\u00abEl artista como profeta\u00bb. 03\/10\/2009. P\u00e1g. 22.<\/p>\n<p class=\"font_9\"><b>El Mundo. El Cultural&nbsp;(Nacional).<\/b> Jos\u00e9 Mar\u00edn-Medina.&nbsp;\u00ab5&#215;5 La instalaci\u00f3n en Espa\u00f1a\u00bb. 26\/6\/2009. P\u00e1g. 28.<\/p>\n<p class=\"font_9\"><b>La Nueva Espa\u00f1a&nbsp;(Asturias).<\/b> J.C. Gea.&nbsp;\u00abEsculpir (para) este tiempo\u00bb. 12\/4\/2009. P\u00e1g. 14.<\/p>\n<p class=\"font_9\">\n<\/p><p class=\"font_9\"><b>El Pa\u00eds&nbsp;(Nacional). <\/b>Sol Alonso.&nbsp;\u00abSoy una artista sin formato\u00bb.&nbsp;21\/3\/2008. P\u00e1g. Contraportada del peri\u00f3dico p\u00e1gina completa. (exposici\u00f3n individual).<\/p>\n<p class=\"font_9\"><b>MU&nbsp;(Revista Nacional).<\/b> Luc\u00eda P\u00e9rez.&nbsp;\u00abTestimonios futuros\u00bb.&nbsp;Febrero\/2008. P\u00e1g. 30 (exposici\u00f3n individual).<\/p>\n<p class=\"font_9\"><b>Revista de Arte &#8211; Logopress&nbsp;(Nacional). <\/b>Mar\u00eda Jes\u00fas Burgue\u00f1o.&nbsp;\u00abTestimonios futuros de B\u00e1rbara Flux\u00e1\u00bb.&nbsp;Revista digital (exposici\u00f3n individual).<\/p>\n<p class=\"font_9\"><b>El Cultural. El Mundo&nbsp;(Nacional). <\/b>Diego Quintana.&nbsp;\u00abEl futuro ya es del reciclaje\u00bb.&nbsp;30\/10\/2008. P\u00e1g. 49 (exposici\u00f3n individual).<\/p>\n<p class=\"font_9\">\n<\/p><p class=\"font_9\"><b>Roma Eventi&nbsp;(Roma).<\/b> Lucio Filipponio.&nbsp;\u00abFlux\u00e1: Un Grand tour senza lieto fine\u00bb.&nbsp;21\/5\/2007. P\u00e1g. 23 (exposici\u00f3n individual).<\/p>\n<p class=\"font_9\"><b>Inside The Living Art Magazine&nbsp;(Revista Nacional-Italia). <\/b>Claudia Quintieri.&nbsp;\u00abArriba Espa\u00f1a\u00bb.&nbsp;31\/3\/2007. &nbsp;&nbsp;&nbsp;&nbsp;&nbsp;&nbsp;&nbsp; P\u00e1g. 50.<\/p>\n<p class=\"font_9\"><b>EC&nbsp;(Revista Nacional-Italia).<\/b> \u00abTiber hawks. Artisti residenti alle accademie straniere di Roma\u00bb.&nbsp;\/6\/2007. Pag. 21-&nbsp;&nbsp;&nbsp;&nbsp; 22.<\/p>\n<p class=\"font_9\"><b>MACRO Magazine.&nbsp;<\/b>Redacci\u00f3n.&nbsp;\u00abTrying to land 2\u00bb.&nbsp;4\/7\/2007. Pag. 33.<\/p>\n<p class=\"font_9\"><b>EPolis&nbsp;(Nacional. Italia).<\/b> Redacci\u00f3n.&nbsp;\u00abL\u00e1rte alla Real Academia Spagnola\u00bb.&nbsp;25\/6\/2007. Pag. 11.<\/p>\n<p class=\"font_9\"><b>El Mundo El Cultural.&nbsp;(Nacional).<\/b> Elena Vozmediano.&nbsp;\u00abUn trampol\u00edn incuestionable\u00bb.&nbsp;19\/1\/2007.<\/p>\n<p class=\"font_9\"><b>El Mundo El Cultural.&nbsp;(Nacional).<\/b> EFE.&nbsp;\u00abLa Generaci\u00f3n 2007 llega a la Casa Encendida\u00bb.&nbsp;25\/1\/2007.<\/p>\n<p class=\"font_9\"><b>La Raz\u00f3n&nbsp;(Nacional).<\/b> Goyo Garc\u00eda.&nbsp;\u00abUn laboratorio de arte emergente\u00bb.&nbsp;17\/2\/2007.<\/p>\n<p class=\"font_9\"><b>NorteCastilla&nbsp;(Segovia).<\/b> M.A.L.&nbsp;\u00abUn ejemplo de arte vivo\u00bb.&nbsp;19\/7\/2007.<\/p>\n<p class=\"font_9\">\n<\/p><p class=\"font_9\"><b>La Voz de Galicia&nbsp;(Galicia).<\/b> Camilo Franco. \u00abEpifan\u00eda de un seat 127\u00bb.&nbsp;3\/6\/2006. P\u00e1g. 13 (exposici\u00f3n individual).<\/p>\n<p class=\"font_9\"><b>El Correo Gallego&nbsp;(Galicia).<\/b> Rom\u00e1n Pad\u00edn.&nbsp;\u00abM\u00fasica y Seat 127\u00bb. 25\/6\/2006. P\u00e1g. 21 (exposici\u00f3n individual).<\/p>\n<p class=\"font_9\"><b>El Mundo El Cultural. (Nacional).<\/b> Jos\u00e9 Mar\u00edn Medina.&nbsp;\u00abArte-naturaleza, desde un conceptualismo de provincias\u00bb.&nbsp;05\/10\/2006.<\/p>\n<p class=\"font_9\"><b>El Norte de Castilla&nbsp;(Segovia). <\/b>M. A. L\u00f3pez.&nbsp;\u00abNaturalmente artificial inicia el curso en Segovia\u00bb.&nbsp;20\/09\/2006. P\u00e1g. 32.<\/p>\n<p class=\"font_9\"><b>Diario de Arousa&nbsp;(Galicia).<\/b> Mercedes Angueira.&nbsp;\u00abLa revoluci\u00f3n lleg\u00f3 a Caldas\u00bb.&nbsp;9\/7\/2006.<\/p>\n<p class=\"font_9\"><b>La Voz de Galicia&nbsp;(Pontevedra)<\/b>. Cristina Barral.&nbsp;\u00abKaldarte rompe la monoton\u00eda con sus intervenciones \u00abrevolucionarias\u00bb.&nbsp;08\/09\/2006. P\u00e1g. 23.<\/p>\n<p class=\"font_9\"><b>ABC de Las Artes&nbsp;(Nacional).<\/b> Javier Montes.&nbsp;\u00abEl proceso va por dentro\u00bb.&nbsp;25\/02\/2006. P\u00e1g. 25.<\/p>\n<p class=\"font_9\"><b>Ideal&nbsp;(Granada).<\/b> Br\u00edgida Gallego-Co\u00edn.&nbsp;\u00abUna mirada al paisaje\u00bb.&nbsp;9\/3\/2006. Pag. 56.<\/p>\n<p class=\"font_9\"><b>Granada Hoy&nbsp;(Suplemento Actual. Granada).<\/b> Blanca Dur\u00e1n.&nbsp;\u00abMiradas tecnol\u00f3gicas al paisaje\u00bb.&nbsp;9\/3\/2006. P\u00e1g. 3.<\/p>\n<p class=\"font_9\"><b>La Opini\u00f3n de Granada&nbsp;(Granada).<\/b> Luis Arronte Ygartua.&nbsp;\u00abLos paisajes se hacen futuristas\u00bb.&nbsp;9\/3\/2006. P\u00e1g. 27.<\/p>\n<p class=\"font_9\"><b>El Punto de Las Artes&nbsp;(Nacional). <\/b>Redacci\u00f3n.&nbsp;\u00abTangentes al paisaje\u00bb.&nbsp;24\/3\/2006. P\u00e1g. 22.<\/p>\n<p class=\"font_9\">\n<\/p><p class=\"font_9\"><b>El Mundo El Cultural.&nbsp;(Nacional).<\/b> Javier Hontoria.&nbsp;\u00abB\u00e1rbara Flux\u00e1\u00bb.&nbsp;31\/3\/2005. P\u00e1g. 32 (exposici\u00f3n individual).<\/p>\n<p class=\"font_9\"><b>Blanco y Negro Cultural ABC&nbsp;(Nacional). <\/b>Miguel Cereceda.&nbsp;\u00abTestimonios de una civilizaci\u00f3n perdida\u00bb.&nbsp;2\/4\/2005. P\u00e1g. 30 (exposici\u00f3n individual).<\/p>\n<p class=\"font_9\"><b>El Pais de las Tentaciones&nbsp;(Nacional).<\/b> Redacci\u00f3n.&nbsp;\u00abB\u00e1rbara Flux\u00e1\u00bb.&nbsp;24\/3\/2005. Pag. 23. (exposici\u00f3n individual).<\/p>\n<p class=\"font_9\"><b>ABC.&nbsp;(Nacional). Redacci\u00f3n.<\/b>&nbsp;\u00abGaler\u00eda Artificial. B\u00e1rbara Flux\u00e1\u00bb.&nbsp;25\/3\/2005. P\u00e1g. 57 (exposici\u00f3n individual).<\/p>\n<p class=\"font_9\"><b>La Voz de Avil\u00e9s&nbsp;(Asturias).<\/b> Barbara Mor\u00e1n.&nbsp;\u00abLa artista B\u00e1rbara Flux\u00e1 elige el Nal\u00f3n\u00bb.&nbsp;28\/10\/2005. (exposici\u00f3n individual).<\/p>\n<p class=\"font_9\"><b>Europa&nbsp;(Revista Internacional).<\/b> Redacci\u00f3n.&nbsp;\u00abPara\u00edso natural\u00bb.&nbsp;Invierno 2005. P\u00e1g. 98 (exposici\u00f3n individual).<\/p>\n<p class=\"font_9\"><span class=\"wixGuard\"><\/span><\/p>\n<p class=\"font_9\"><b>El Mundo&nbsp;(Cantabria).<\/b> Guillermo Balbona.&nbsp;\u00abArtesles crece en dimensiones e identidad\u00bb.&nbsp;13\/8\/2005. P\u00e1g. 99.<\/p>\n<p class=\"font_9\"><b>Alerta&nbsp;(Cantabria).<\/b> Lara Coss\u00edo.&nbsp;\u00abArtesles celebra III edici\u00f3n may\u00f3r en n\u00famero de artistas\u00bb.&nbsp;15\/7\/2005. P\u00e1g. 53.<\/p>\n<p class=\"font_9\"><b>El Diario Monta\u00f1\u00e9s&nbsp;(Cantabria).<\/b> Guillermo Balbona.&nbsp;\u00abArtesles inaugura su edici\u00f3n m\u00e1s ambiciosa\u00bb.&nbsp;15\/7\/2005. P\u00e1g. 85.<\/p>\n<p class=\"font_9\"><b>El Mundo&nbsp;(Nacional).<\/b> Marcos-Ricardo Barnatan.&nbsp;\u00abArte rural\u00bb.&nbsp;21\/7\/2005. Pag. 51.<\/p>\n<p class=\"font_9\"><b>El Diario Monta\u00f1\u00e9s&nbsp;(Cantabria). <\/b>Patricia Domingo.&nbsp;\u00ab\u00c9xito de Esles por integrar arte y paisaje\u00bb.&nbsp;25\/8\/2005. P\u00e1g. 94.<\/p>\n<p class=\"font_9\"><b>El Peri\u00f3dico&nbsp;(Extremadura).<\/b> Carlos Ortiz.&nbsp;\u00abC\u00e1ceres 2016\u00bb.&nbsp;5\/4\/2005.<\/p>\n<p class=\"font_9\"><b>Hoy&nbsp;(Extremadura).<\/b> Cristina N\u00fa\u00f1ez.&nbsp;\u00abEl arte entre bodegones y desechos\u00bb.&nbsp;7\/4\/2005.&nbsp;<\/p>\n<p class=\"font_9\"><b>Blanco y Negro Cultural ABC&nbsp;(Nacional).<\/b> Javier Montes.&nbsp;\u00abLargos circuitos\u00bb.&nbsp;15\/1\/2005. P\u00e1g. 27.<\/p>\n<p class=\"font_9\"><span class=\"wixGuard\"><\/span><\/p>\n<p class=\"font_9\"><b>El Mundo&nbsp;(Nacional).<\/b> Marta Belver.&nbsp;\u00abDe profesi\u00f3n concursante\u00bb.&nbsp;15\/3\/2004. P\u00e1g. 5 (exposici\u00f3n individual).<\/p>\n<p class=\"font_9\"><b>El Mundo El Cultural.&nbsp;(Nacional).<\/b> Javier Hontoria,&nbsp;\u00abDiez promesas de Circuitos\u00bb.&nbsp;22\/2\/2004. P. 29.<\/p>\n<p class=\"font_9\"><b>El Mundo El Cultural.&nbsp;(Nacional). <\/b>EM.&nbsp;\u00abPremio de Fotograf\u00eda de El cultural\u00bb.&nbsp;22\/7\/2004. Pag.37.<\/p>\n<p class=\"font_9\"><span class=\"wixGuard\"><\/span><\/p>\n<p class=\"font_9\"><b>EP(S). El Pa\u00eds Semanal&nbsp;(Nacional).<\/b>&nbsp;\u00abArte en la cocina\u00bb. 2\/6\/2002. P\u00e1g. 120-122 (exposici\u00f3n individual).<\/p>\n<p class=\"font_9\"><b>ABC Cultural&nbsp;(Nacional).<\/b> V\u00edctor Zarza.&nbsp;\u00abNuevas sendas\u00bb.&nbsp;9\/3\/2002. P\u00e1g. 31 (exposici\u00f3n individual).<\/p>\n<p class=\"font_9\"><b>El Pa\u00eds de Las Tentaciones&nbsp;(Nacional).<\/b> Mario Canal.&nbsp;\u00abLa cara oculta de PhotoEspa\u00f1a\u00bb.&nbsp;7\/6\/2002. Pag. 8.<\/p>\n<p class=\"font_9\"><b>Ubicarte&nbsp;(Nacional).<\/b> Ana Marta de Catalina. \u00abRina Bouwen cambia su espacio\u00bb.&nbsp;22\/6\/2002.<\/p>\n<p class=\"font_9\"><b>El Pa\u00eds (Nacional).&nbsp;<\/b>ED.&nbsp;\u00ab28 Galer\u00edas dan paso a nuevos valores en el Festival Off de PHotoEspa\u00f1a\u00bb.&nbsp;8\/7\/2002.<\/p>\t\t\t\t\t\t<\/div>\n\t\t\t\t<\/div>\n\t\t\t\t\t<\/div>\n\t\t<\/div>\n\t\t\t\t\t<\/div>\n\t\t<\/section>\n\t\t\t\t<\/div>","protected":false},"excerpt":{"rendered":"<p>LISTADO PRENSA &#038; MEDIOS El Cultural-El Mundo&nbsp;(Nacional). Jose M. &nbsp;Parre\u00f1o.&nbsp;\u00abHybris,<\/p>","protected":false},"author":1,"featured_media":0,"parent":11690,"menu_order":0,"comment_status":"closed","ping_status":"closed","template":"","meta":{"footnotes":""},"class_list":["post-11801","page","type-page","status-publish"],"_links":{"self":[{"href":"https:\/\/barbarafluxa.com\/en\/wp-json\/wp\/v2\/pages\/11801","targetHints":{"allow":["GET"]}}],"collection":[{"href":"https:\/\/barbarafluxa.com\/en\/wp-json\/wp\/v2\/pages"}],"about":[{"href":"https:\/\/barbarafluxa.com\/en\/wp-json\/wp\/v2\/types\/page"}],"author":[{"embeddable":true,"href":"https:\/\/barbarafluxa.com\/en\/wp-json\/wp\/v2\/users\/1"}],"replies":[{"embeddable":true,"href":"https:\/\/barbarafluxa.com\/en\/wp-json\/wp\/v2\/comments?post=11801"}],"version-history":[{"count":16,"href":"https:\/\/barbarafluxa.com\/en\/wp-json\/wp\/v2\/pages\/11801\/revisions"}],"predecessor-version":[{"id":11817,"href":"https:\/\/barbarafluxa.com\/en\/wp-json\/wp\/v2\/pages\/11801\/revisions\/11817"}],"up":[{"embeddable":true,"href":"https:\/\/barbarafluxa.com\/en\/wp-json\/wp\/v2\/pages\/11690"}],"wp:attachment":[{"href":"https:\/\/barbarafluxa.com\/en\/wp-json\/wp\/v2\/media?parent=11801"}],"curies":[{"name":"wp","href":"https:\/\/api.w.org\/{rel}","templated":true}]}}