{"id":11846,"date":"2021-01-04T12:49:59","date_gmt":"2021-01-04T11:49:59","guid":{"rendered":"http:\/\/barbarafluxa.com\/?page_id=11846"},"modified":"2024-12-10T15:32:29","modified_gmt":"2024-12-10T14:32:29","slug":"docencia-workshops","status":"publish","type":"page","link":"https:\/\/barbarafluxa.com\/en\/info\/docencia-workshops\/","title":{"rendered":"Docencia universitaria &#038; Workshops"},"content":{"rendered":"<div data-elementor-type=\"wp-page\" data-elementor-id=\"11846\" class=\"elementor elementor-11846\" data-elementor-settings=\"{&quot;ha_cmc_init_switcher&quot;:&quot;no&quot;}\" data-elementor-post-type=\"page\">\n\t\t\t\t\t\t<section class=\"elementor-section elementor-top-section elementor-element elementor-element-809b158 elementor-section-boxed elementor-section-height-default elementor-section-height-default\" data-id=\"809b158\" data-element_type=\"section\" data-settings=\"{&quot;_ha_eqh_enable&quot;:false}\">\n\t\t\t\t\t\t<div class=\"elementor-container elementor-column-gap-default\">\n\t\t\t\t\t<div class=\"elementor-column elementor-col-100 elementor-top-column elementor-element elementor-element-86ecdbe\" data-id=\"86ecdbe\" data-element_type=\"column\">\n\t\t\t<div class=\"elementor-widget-wrap elementor-element-populated\">\n\t\t\t\t\t\t<div class=\"elementor-element elementor-element-b36e9f6 elementor-widget elementor-widget-writing-effect-headline\" data-id=\"b36e9f6\" data-element_type=\"widget\" data-widget_type=\"writing-effect-headline.default\">\n\t\t\t\t<div class=\"elementor-widget-container\">\n\t\t\t\t\t<h3 class=\"a13ree-written-headline\" data-speed=\"10\" data-loop=\"0\">\r\n\t\t\t\r\n\t\t\t\t\t\t\t<span class=\"written-lines elementor-screen-only\">DOCENCIA, CONFERENCIAS Y CURSOS<\/span>\r\n\t\t\t\r\n\t\t\t\t\t<\/h3>\r\n\t\t\t\t<\/div>\n\t\t\t\t<\/div>\n\t\t\t\t<div class=\"elementor-element elementor-element-f70fb18 elementor-widget elementor-widget-spacer\" data-id=\"f70fb18\" data-element_type=\"widget\" data-widget_type=\"spacer.default\">\n\t\t\t\t<div class=\"elementor-widget-container\">\n\t\t\t\t\t<div class=\"elementor-spacer\">\n\t\t\t<div class=\"elementor-spacer-inner\"><\/div>\n\t\t<\/div>\n\t\t\t\t<\/div>\n\t\t\t\t<\/div>\n\t\t\t\t<div class=\"elementor-element elementor-element-9ed8bfb elementor-tabs-view-horizontal elementor-widget elementor-widget-tabs\" data-id=\"9ed8bfb\" data-element_type=\"widget\" data-widget_type=\"tabs.default\">\n\t\t\t\t<div class=\"elementor-widget-container\">\n\t\t\t\t\t<div class=\"elementor-tabs\">\n\t\t\t<div class=\"elementor-tabs-wrapper\" role=\"tablist\" >\n\t\t\t\t\t\t\t\t\t<div id=\"elementor-tab-title-1661\" class=\"elementor-tab-title elementor-tab-desktop-title\" aria-selected=\"true\" data-tab=\"1\" role=\"tab\" tabindex=\"0\" aria-controls=\"elementor-tab-content-1661\" aria-expanded=\"false\">DOCENCIA EN LA UNIVERSIDAD P\u00daBLICA<\/div>\n\t\t\t\t\t\t\t\t\t<div id=\"elementor-tab-title-1662\" class=\"elementor-tab-title elementor-tab-desktop-title\" aria-selected=\"false\" data-tab=\"2\" role=\"tab\" tabindex=\"-1\" aria-controls=\"elementor-tab-content-1662\" aria-expanded=\"false\">CONFERENCIAS \/ PONENCIAS<\/div>\n\t\t\t\t\t\t\t\t\t<div id=\"elementor-tab-title-1663\" class=\"elementor-tab-title elementor-tab-desktop-title\" aria-selected=\"false\" data-tab=\"3\" role=\"tab\" tabindex=\"-1\" aria-controls=\"elementor-tab-content-1663\" aria-expanded=\"false\">CURSOS<\/div>\n\t\t\t\t\t\t\t<\/div>\n\t\t\t<div class=\"elementor-tabs-content-wrapper\" role=\"tablist\" aria-orientation=\"vertical\">\n\t\t\t\t\t\t\t\t\t<div class=\"elementor-tab-title elementor-tab-mobile-title\" aria-selected=\"true\" data-tab=\"1\" role=\"tab\" tabindex=\"0\" aria-controls=\"elementor-tab-content-1661\" aria-expanded=\"false\">DOCENCIA EN LA UNIVERSIDAD P\u00daBLICA<\/div>\n\t\t\t\t\t<div id=\"elementor-tab-content-1661\" class=\"elementor-tab-content elementor-clearfix\" data-tab=\"1\" role=\"tabpanel\" aria-labelledby=\"elementor-tab-title-1661\" tabindex=\"0\" hidden=\"false\"><p><strong>ACTUALIDAD<\/strong><br \/>Profesora Contratada Doctor en el Departamento de Pintura y Restauraci\u00f3n de la Facultad de Bellas Artes de la Universidad de Complutense de Madrid. Imparte docencia en el Grado Superior en Bellas Artes, Grado de Dise\u00f1o y en el MIAC (M\u00e1ster en Investigaci\u00f3n, Arte y Creaci\u00f3n de la UCM). http:\/\/bellasartes.ucm.es\/<\/p><p><strong>2016-2019<\/strong><br \/>Profesora asociada en el Departamento de Pintura y Restauraci\u00f3n de la Facultad de Bellas Artes de la Universidad de Complutense de Madrid. Imparte docencia en el Grado Superior en Bellas Artes. http:\/\/bellasartes.ucm.es\/<\/p><p><strong>2012-2019<\/strong><br \/>Profesora asociada en el \u00c1rea de Escultura del Departamento de H\u00aa del Arte y Bellas Artes de la Facultad de Bellas artes de la Universidad de Salamanca. Imparte docencia en el Grado Superior en Bellas Artes<\/p><\/div>\n\t\t\t\t\t\t\t\t\t<div class=\"elementor-tab-title elementor-tab-mobile-title\" aria-selected=\"false\" data-tab=\"2\" role=\"tab\" tabindex=\"-1\" aria-controls=\"elementor-tab-content-1662\" aria-expanded=\"false\">CONFERENCIAS \/ PONENCIAS<\/div>\n\t\t\t\t\t<div id=\"elementor-tab-content-1662\" class=\"elementor-tab-content elementor-clearfix\" data-tab=\"2\" role=\"tabpanel\" aria-labelledby=\"elementor-tab-title-1662\" tabindex=\"0\" hidden=\"hidden\"><p><strong>Participaci\u00f3n en mesa redonda en ciclo expositivo, 2024. <\/strong><\/p><p><em>\u201cImaginarios vegetales en dispersi\u00f3n\u201d <\/em>dentro del ciclo expositivo \u201cRutas relacionales\u201d comisariado por Javier Mart\u00edn.<\/p><p>Organiza Galer\u00eda Luc\u00eda Mendoza, Madrid.<\/p><p><strong>Participaci\u00f3n en mesa redonda en ciclo de investigaci\u00f3n, 2024 <\/strong><\/p><p><em>\u201cV\u00ednculos anfibios\u201d<\/em> dentro del Programa de Estudios Independientes<em> \u201cOrganismo. Arte en ecolog\u00edas cr\u00edticas aplicadas\u201d <\/em><\/p><p>Organiza Fundaci\u00f3n TBA21 Academy y Museo Nacional Thyssen-Bornemisza, Madrid.<\/p><p><strong>Ponencia en Seminario de investigaci\u00f3n, 2024 <\/strong><\/p><p>\u201cProcesos art\u00edsticos entre la academia y la ciencia ciudadana en Fabero\u201d dentro del \u201cII Seminario Humanidades energ\u00e9ticas. Hacia un mapa conceptual\u201d.<\/p><p>Organiza el Proyecto I+D+i: HUMENERGE (PID2020-113272RA-I00) en la Facultad de Bellas Artes de la UCM, Madrid.<\/p><p><strong>Ponencia en Jornada de investigaci\u00f3n, 2024 <\/strong><\/p><p>\u201cNuevas est\u00e9ticas energ\u00e9ticas desde el arte\u201d junto a Santiago Morilla, dentro de la I Jornada de Investigaci\u00f3n en la Facultad de Bellas Artes.<\/p><p>Organiza el Vicedecanato de Investigaci\u00f3n, transferencia y Doctorado de la Facultad de Bellas de la UCM, Madrid.<\/p><p><strong>Ponencia en Foro Nacional, 2024<\/strong><\/p><p>\u201cNaturalezas desaparecidas, naturalezas por venir\u201d dentro del VII FORO DE CULTURA Y RURALIDADES, Tortosa.<\/p><p>Organiza la Subdireccio\u0301n General de Cooperacio\u0301n Cultural con las Comunidades Auto\u0301nomas del Ministerio de Cultura del Gobierno de Espa\u00f1a.<\/p><p><strong>Moderaci\u00f3n de Comunicaciones en Congreso Internacional, 2024 <\/strong><\/p><p>II Congreso Internacional \u201cArte y dise\u00f1o agitados por la IA\u201d. Facultad de Bellas Artes de la Universidad Complutense de Madrid (1, 2, y 3\/10\/24)<\/p><p>Organiza Grupo de Investigaci\u00f3n de la UCM: Pr\u00e1cticas art\u00edsticas y formas de conocimiento contempor\u00e1neas (GIPAFCoCo).<\/p><p><strong>Coordinaci\u00f3n Seminario de Investigaci\u00f3n, 2024<\/strong><\/p><p>\u201c<em>Conversaciones doctorales sobre arte <\/em>\u201d dentro de las actividades de GiPAFCoCo (UCM-588)<\/p><p>Organizan Flux\u00e1, B; Mateo, J.E.; Rodr\u00edguez, I. (coord.) del Grupo de Investigaci\u00f3n Pr\u00e1cticas art\u00edsticas y formas de conocimiento contempor\u00e1neas; y Vicedecanato de Investigaci\u00f3n y Transferencia (BBAA-UCM), en la Facultad de Bellas Artes de la Universidad Complutense de Madrid.<\/p><p style=\"text-align: left;\"><strong>Ponencia en Seminario de investigaci\u00f3n, 2023<\/strong><\/p><p style=\"text-align: left;\"><em>\u201cEl aula de las maravillas in progress\u201d <\/em>(junto a Amparo L. Corral) en el seminario \u201cImaginarios del Carbon\u00edfero en tiempos de transici\u00f3n energ\u00e9tica\u201d<\/p><p style=\"text-align: left;\">Organiza Fundaci\u00f3n Cerezales y el proyecto I+D HUMENERGE del CSIC. Aula Paleobot\u00e1nica de Fabero, El Bierzo, L\u00e9on.<\/p><p style=\"text-align: left;\"><strong>Ponencia en jornadas de investigaci\u00f3n, 2023<\/strong><\/p><p style=\"text-align: left;\"><em>\u201cEl Aula Paleobot\u00e1nica de Fabero\u201d <\/em>en las jornadas \u201cNarrativas Solares\u201d.<\/p><p style=\"text-align: left;\">Organiza el programa Concomitentes de la Fundaci\u00f3n Daniel y Nina Carasso en el Ayto. de Valdelfresno, Le\u00f3n.<\/p><p style=\"text-align: left;\"><strong>Conferencia en congreso. 2023<\/strong><\/p><p style=\"text-align: left;\"><em>\u201cTerritorios en proceso de transicio\u0301n medioambiental\u201d<\/em> en I Congreso Pr\u00e1cticas art\u00edsticas y formas de conocimiento contempor\u00e1neas en los imaginarios de la tecnosfera\u201d.<\/p><p style=\"text-align: left;\">Organiza el Grupo de Investigaci\u00f3n (UCM588) Pr\u00e1cticas art\u00edsticas y formas de conocimiento en la Facultad de Bellas Artes de la Universidad Complutense de Madrid.<\/p><p style=\"text-align: left;\"><strong>Ponencia en jornadas de investigaci\u00f3n. 2023<\/strong><\/p><p style=\"text-align: left;\"><em>\u201cPaisajes f\u00f3siles en suspenso\u201d<\/em> en las Jornadas <em>\u201cStart for Change\u201d<\/em> de la Fundaci\u00f3n \u201cLa Caixa\u201d de Barcelona.<\/p><p style=\"text-align: left;\">Organiza el Programa de Becas Art For Change de la Fundaci\u00f3n \u201cLa Caixa\u201d en Caixa Forum de Barcelona.<\/p><p style=\"text-align: left;\"><strong>Ponencia y Mesa redonda en Jornadas de investigaci\u00f3n. 2022<\/strong><\/p><p style=\"text-align: left;\">\u201cTerritorios en suspenso\u201d dentro de las III Jornadas Aula Sostenible \u201cCultura y transici\u00f3n ecosocial: escenarios ante la crisis energ\u00e9tica y escalada b\u00e9lica\u201d del CAAM.<\/p><p style=\"text-align: left;\">Organiza Blanca de La Torre en el Museo Centro Atl\u00e1ntico de Arte Moderno de Las Palmas de Gran Canaria.<\/p><p style=\"text-align: left;\"><strong>Ponencia<\/strong> <strong>y Mesa redonda Seminario de investigaci\u00f3n. 2022<\/strong><\/p><p style=\"text-align: left;\">\u201c<em>Casos de estudio extractivistas<\/em>\u201d dentro del seminario \u00abMemoria Mineral. Lab01 de ALCINE\u2013Lab, Festival de Cine de\u00a0Alcal\u00e1 de Henares y la Comunidad de Madrid.<\/p><p style=\"text-align: left;\">Organizan los colectivos Visual404 y Mediadistancia en Sal\u00f3n de Actos del Antiguo Hospital de Santa Mar\u00eda La Rica. Alcal\u00e1 de Henares.<\/p><p style=\"text-align: left;\"><strong>Ponencia<\/strong> <strong>en Seminario de investigaci\u00f3n Internacional. 2022<\/strong><\/p><p style=\"text-align: left;\"><em>\u201cLaboratorio de investigaci\u00f3n art\u00edstica sobre energ\u00edas renovables\u201d <\/em>dentro del Seminario \u201c<em>Humanidades energ\u00e9ticas<\/em>\u201d<\/p><p style=\"text-align: left;\">Organiza el Proyecto I+D:\u2000Humanidades energ\u00e9ticas. Energ\u00eda e imaginarios socioculturales entre la revoluci\u00f3n industrial y la crisis ecosocial. HUMENERGE (PID2020-113272RA-I00) del Centro de Ciencias Humanas y Sociales del CSIC (Centro Superior de Investigaciones cient\u00edficas).<\/p><p style=\"text-align: left;\"><strong>Conferencia en Congreso Internacional. 2021 <\/strong><\/p><p style=\"text-align: left;\"><em>\u201cExcavando la tecnosfera: Estrategias art\u00edsticas cr\u00edticas para un futuro entre materialidades mediales<\/em>\u201d dentro del Congreso Internacional <em>\u201cA Neoliberal Counter-Revolution? <\/em><em>Cultural Imaginaries, Political Subjetivities and New Order (1979-2019)\u201d<\/em><\/p><p style=\"text-align: left;\">Organiza el Proyecto I+D: MODE(s) Descentralized Modernities. Art, Politics and Counterculture in the Transatlantic Axis during the Cold World (HAR2017\u201382755-P) de la Facultad de Bellas Artes de la Universidad de Barcelona en el MACBA &#8211; Museo de Arte Contempor\u00e1neo de Barcelona.<\/p><p style=\"text-align: left;\"><strong>C<\/strong><strong>onferencia<\/strong> <strong>en Seminario de investigaci\u00f3n. 2021<\/strong><\/p><p style=\"text-align: left;\"><em>\u201d\u00a1<\/em><em>Caer de las alturas!: Estrategias art\u00edsticas post-antropoc\u00e9ntricas entre materialidades mediales\u201d <\/em>dentro del marco del Seminario <em>\u201cMalestar(es) en la cibercultura\u201d<\/em><\/p><p style=\"text-align: left;\">Organiza el proyecto I+D: \u201cInteracciones del arte en la tecnosfera\u201d (HAR2017-86608-P) de la Facultad de Bellas artes de la Universidad Complutense de Madrid en la Facultad de Bellas artes de la Universidad de La Laguna, Canarias.<\/p><p style=\"text-align: left;\"><strong>P<\/strong><strong>onencia<\/strong> <strong>en Seminario de investigaci\u00f3n. 2021 \u00a0\u00a0\u00a0<\/strong><\/p><p style=\"text-align: left;\"><em>\u201cUn acercamiento a la Revista de investigaci\u00f3n art\u00edstica \u00acAccesos<\/em>, dentro del \u201c<em>Encuentro I+DPYCR. Conecta con las investigaciones del Departamento de Pintura y Conservaci\u00f3n-Restauraci\u00f3n\u201d<\/em><\/p><p style=\"text-align: left;\">Organiza el Departamento de Pintura y Conservaci\u00f3n-Restauraci\u00f3n de la Facultad de Bellas artes de la Universidad Complutense de Madrid.<\/p><p style=\"text-align: left;\"><strong>P<\/strong><strong>onencia<\/strong> <strong>y Mesa redonda<\/strong> <strong>en Jornadas de investigaci\u00f3n. 2021<\/strong><\/p><p style=\"text-align: left;\"><em>\u201cEntre la imagen bosque y los bosques de im\u00e1genes. Conversaci\u00f3n entre Abelardo Gil-Fournier y los artistas residentes Barbar\u00e1 Flux\u00e1 y Ra\u00fal Alaejos\u201d <\/em>dentro de las actividades culturales de las Ayudas Extraordinarias Matadero-Madrid.<\/p><p style=\"text-align: left;\">Organiza Madrid-Destino del Ayuntamiento de Madrid en el Centro de Creaci\u00f3n Contempor\u00e1nea Matadero Madrid.<\/p><p style=\"text-align: left;\"><strong>P<\/strong><strong>onencia<\/strong> <strong>en M\u00e1ster de Arte Contempor\u00e1neo. 2021 <\/strong><\/p><p style=\"text-align: left;\"><em>\u201cEstrategias art\u00edsticas post-antropoc\u00e9ntricas: Un desplazamiento necesario\u201d<\/em> dentro del marco de conferencias durante el curso 2019\/2020 M\u00e1ster Universitario de Producci\u00f3n y Gesti\u00f3n Art\u00edstica de la Facultad de Bellas artes de la Universidad de Murcia.<\/p><p style=\"text-align: left;\"><strong>P<\/strong><strong>onencia<\/strong> <strong>en Curso universitario. 2020<\/strong><\/p><p style=\"text-align: left;\"><em>\u201cArte\/Antropoceno\/Capitaloceno, o c\u00f3mo revisar desde el arte los sistemas que rigen nuestro mundo\u201d <\/em>dentro del curso \u201cMas all\u00e1 de la imagen. Estrategias de investigaci\u00f3n en la fotograf\u00eda contempor\u00e1nea\u201d<\/p><p style=\"text-align: left;\">Organiza Programa de la Escuela de las Artes del Circulo de Bellas Artes de Madrid. Universidad Carlos III de Madrid.<\/p><p style=\"text-align: left;\"><strong>C<\/strong><strong>onferencia<\/strong> <strong>en instituci\u00f3n muse\u00edstica. 2019<\/strong><\/p><p style=\"text-align: left;\"><em>\u00abSinergias del arte, la tecnolog\u00eda y la naturaleza\u00bb <\/em>dentro del Programa de actividades \u00abGij\u00f3n ConCiencia 2019\u00bb<\/p><p style=\"text-align: left;\">Organiza la Fundaci\u00f3n Municipal de Cultura, Educaci\u00f3n y Universidad popular del Ayuntamiento de Gij\u00f3n. Centro de Cultura Antiguo Instituto Jovellanos de Gij\u00f3n.<\/p><p style=\"text-align: left;\"><strong>P<\/strong><strong>onencia<\/strong> <strong>en Seminario. 2019\u00a0 <\/strong><\/p><p style=\"text-align: left;\"><em>\u201cPaisajes hiperconectados\u201d <\/em>dentro del seminario<em> \u201cArte y experiencia en la era de la hiperconexi\u00f3n\u201d.<\/em><\/p><p style=\"text-align: left;\">Organiza Grupo de Investigaci\u00f3n Pr\u00e1cticas Art\u00edsticas y Formas de Conocimiento Contempor\u00e1neas y el Proyecto I+D \u201cInteracciones del arte en la tecnosfera. La irrupci\u00f3n de la experiencia\u201d. Cod.: HAR2017-86608-P. Facultad de Bellas Artes de la Universidad Complutense de Madrid.<\/p><p style=\"text-align: left;\"><strong>Participaci\u00f3n en mesa redonda. 2019\u00a0\u00a0\u00a0\u00a0 <\/strong><\/p><p style=\"text-align: left;\">Seminario Internacional <em>\u201cArte urbano y tecnosfera\u201d.<\/em> Organiza Proyecto I+D <em>\u201cInteracciones del arte en la tecnosfera. La irrupci\u00f3n de la experiencia\u201d<\/em> (HAR2017-86608-P) MINECO 2018-2021; y el Vicedecanato de Cultura, Acciones Complementarias 2018\/19 de la Facultad de Bellas artes de la Universidad Complutense.<\/p><p style=\"text-align: left;\"><strong>P<\/strong><strong>onencia<\/strong> <strong>en Seminario. 2018 <\/strong>\u00a0\u00a0\u00a0\u00a0<\/p><p style=\"text-align: left;\"><em>\u201cEl trabajo de campo en el paisaje como estrategia de producci\u00f3n art\u00edstica\u201d <\/em>dentro las actividades del GEE Grupo de estudios sobre Ecolog\u00edas del Sistema del Arte, Nuevos Paisajes y Territorio en Cultura Contempor\u00e1nea.<\/p><p style=\"text-align: left;\">Organiza Programa de Residencias Art\u00edsticas del Centro de Cultura Contempor\u00e1nea Matadero Madrid del Ayuntamiento de Madrid. Centro de Residencias Art\u00edsticas Matadero Madrid.<\/p><p style=\"text-align: left;\"><strong>C<\/strong><strong>onferencia plenaria en Congreso Internacional. 2018 <\/strong><\/p><p style=\"text-align: left;\"><em>\u201cResetear la naturaleza. Pr\u00e1cticas art\u00edsticas contempor\u00e1neas y post-antropocentrismo\u201d <\/em>dentro del Congreso Internacional de Humanidades Ambientales <em>\u201cRelatos, mitos y artes para el cambio\u201d.<\/em><\/p><p style=\"text-align: left;\">Organiza Instituto Universitario de Investigaci\u00f3n en Estudios Norteamericanos \u201cBenjamin Franklin\u201d y Departamento de Filolog\u00eda Moderna. Universidad de Alcal\u00e1 de Henares.<\/p><p style=\"text-align: left;\"><strong>Moderaci\u00f3n de mesa redonda. 2018\u00a0\u00a0\u00a0\u00a0\u00a0\u00a0 <\/strong><\/p><p style=\"text-align: left;\">II Congreso de Arte de Acci\u00f3n <em>\u201cAccion Spring(t)\u201d<\/em>. Organiza Grupo de Investigaci\u00f3n <em>\u201cEl cuerpo humano en el arte contempor\u00e1neo: imagen y sujeto\u201d<\/em>; y el Vicedecanato de Cultura, Acciones Complementarias 2017\/18 de la Facultad de Bellas artes de la Universidad Complutense.<\/p><p style=\"text-align: left;\"><strong>C<\/strong><strong>onferencia<\/strong> <strong>en Ciclo de Arte Contempor\u00e1neo. 2017\u00a0\u00a0\u00a0\u00a0\u00a0\u00a0\u00a0 <\/strong><\/p><p style=\"text-align: left;\"><em>\u00abCartograf\u00edas del Antropoceno. Un viaje de exploraci\u00f3n art\u00edstica a trav\u00e9s de las esferas\u00bb <\/em>dentro del Ciclo de Arte Contempor\u00e1neo<em> \u00abPost-Arcadia. Qu\u00e9 arte para qu\u00e9 naturaleza\u00bb.<\/em><\/p><p style=\"text-align: left;\">Organiza CENDEAC- Centro de Documentaci\u00f3n y Estudios Avanzados de Arte Contempor\u00e1neo, Murcia. Centro Cultural P\u00e1rraga, Murcia.<\/p><p style=\"text-align: left;\"><strong>P<\/strong><strong>onencia<\/strong> <strong>en Seminario. 2017\u00a0\u00a0\u00a0\u00a0 <\/strong><\/p><p style=\"text-align: left;\"><em>\u00abEstrategias investigativas en torno a la naturaleza en el arte contempor\u00e1neo\u00bb <\/em>dentro del Seminario Biblioteca <em>\u201cC\u00e1psulas fuentes I\u201d<\/em> de la Facultad de Bellas Artes de la Universidad Complutense de Madrid.<\/p><p style=\"text-align: left;\">Organiza Grupos de Investigaci\u00f3n \u00abClimatolog\u00edas del Planeta (690)\u00bb y \u00abPr\u00e1cticas art\u00edsticas y formas de conocimiento contempor\u00e1neas (588)\u00bb. Facultad de Bellas Artes de la Universidad Complutense de Madrid.<\/p><p style=\"text-align: left;\"><strong>P<\/strong><strong>onencia<\/strong> <strong>en Congreso Internacional. 2017\u00a0\u00a0\u00a0\u00a0\u00a0\u00a0\u00a0\u00a0 <\/strong><\/p><p style=\"text-align: left;\">\u201c<em>ECO&amp;ART&amp;TECH. Pr\u00e1cticas art\u00edsticas eficaces en la era del Antropoceno\u201d <\/em>dentro del Congreso Internacional: <em>\u201cImaginar la transici\u00f3n hacia sociedades sostenibles\u201d.<\/em><\/p><p style=\"text-align: left;\">Organiza Proyecto I+D+i <em>\u201cHumanidades Ambientales. Estrategias para la empat\u00eda ecol\u00f3gica y la transici\u00f3n hacia sociedades sostenibles\u201d<\/em> (HAR2015-67472-C2-1-R MINECO-FEDER, UE). Financiado por el Ministerio de Econom\u00eda y Competitividad en el marco del Plan Estatal de Investigaci\u00f3n Cient\u00edfica y T\u00e9cnica de Innovaci\u00f3n 2013-2016. La Casa Encendida de la Fundaci\u00f3n MonteMadrid. Madrid.<\/p><p style=\"text-align: left;\"><strong>C<\/strong><strong>onferencia<\/strong> <strong>en instituci\u00f3n muse\u00edstica. 2017<\/strong><\/p><p style=\"text-align: left;\"><em>\u00abArgusino. Paisaje Cultural sumergido. Un ejercicio de memoria\u00bb.<\/em><\/p><p style=\"text-align: left;\">Organiza Asociaci\u00f3n Cultural Argusino Vive. Museo Etnogr\u00e1fico de Castilla y Le\u00f3n, Zamora.<\/p><p style=\"text-align: left;\"><strong>C<\/strong><strong>onferencia<\/strong> <strong>en Jornadas de investigaci\u00f3n. 2016\u00a0\u00a0\u00a0\u00a0\u00a0\u00a0\u00a0\u00a0\u00a0\u00a0\u00a0\u00a0\u00a0 <\/strong><\/p><p style=\"text-align: left;\"><em>\u00abPr\u00e1ctica art\u00edstica, investigaci\u00f3n y docencia en torno a la naturaleza en los albores del siglo XXI\u00bb <\/em>dentro del Encuentro de Investigaci\u00f3n <em>\u00abGenius loci:: arte y po\u00e9ticas de la relaci\u00f3n\u00bb<\/em><\/p><p style=\"text-align: left;\">Organiza PACA. Proyectos Art\u00edsticos Casa Antonino para el Festival Arcu Atl\u00e1nticu 2016, Gij\u00f3n. Carpa Arte y Territorio del Ayuntamiento de Gij\u00f3n, Principado de Asturias.<\/p><p style=\"text-align: left;\"><strong>Ponencia en Seminario. 2015 <\/strong>\u00a0\u00a0\u00a0\u00a0<\/p><p style=\"text-align: left;\"><em>\u00abArchivo de inundaciones futuras. Una propuesta en colectivo\u00bb<\/em> dentro del Encuentro de Investigaci\u00f3n Arte\/Ciencia: <em>\u00abSaber no basta para actuar\u00bb.<\/em><\/p><p style=\"text-align: left;\">Organizado por el Grupo de Investigaci\u00f3n <em>Climatolog\u00edas del planeta y la conciencia<\/em> (CPYC 690) Facultad de Bellas Artes de la Universidad Complutense de Madrid.<\/p><p style=\"text-align: left;\"><strong>Ponencia en Seminario. 2015<\/strong><\/p><p style=\"text-align: left;\"><em>\u00abAlgo nuevo bajo el sol. Nuevas estrategias art\u00edsticas en torno a la naturaleza\u00bb <\/em>dentro del Encuentro de Investigaci\u00f3n Arte\/Ciencia:\u00bb<em>\u00bfCu\u00e1ntas primaveras nos quedan? cambio clim\u00e1tico, cambio de consciencia\u00bb<\/em>.<\/p><p style=\"text-align: left;\">Organizado por el Grupo de Investigaci\u00f3n <em>Climatolog\u00edas del planeta y la conciencia<\/em> (CPYC 690) Facultad de Bellas Artes de la Universidad Complutense de Madrid.<\/p><p style=\"text-align: left;\"><strong>Ponencia en Grado en BBAA-UCM. 2014\u00a0\u00a0\u00a0\u00a0\u00a0 <\/strong><\/p><p style=\"text-align: left;\"><em>\u00abExperiencias, estrategias y herramientas de una artista\/investigadora\/docente en BBAA\u00bb <\/em>dentro del programa de la asignatura troncal \u00ab<em>Proyectos<\/em>\u00bb de 4\u00ba curso de Grado en Bellas Artes<\/p><p style=\"text-align: left;\">Organizado por el Departamento de Dibujo y Departamento de Pintura y Restauraci\u00f3n. Facultad de Bellas Artes de la Universidad Complutense de Madrid<\/p><p style=\"text-align: left;\"><strong>C<\/strong><strong>onferencia<\/strong> <strong>en Jornadas de investigaci\u00f3n. 2013\u00a0\u00a0\u00a0\u00a0\u00a0\u00a0\u00a0\u00a0\u00a0\u00a0\u00a0\u00a0\u00a0 <\/strong><\/p><p style=\"text-align: left;\"><em>\u00abProcesos art\u00edsticos en torno al arte y el territorio\u00bb <\/em>dentro del Ciclo de presentaciones del <em>\u00abGeoforo\u00bb.<\/em><\/p><p style=\"text-align: left;\">Organiza Ilustre Colegio Oficial de Ge\u00f3logos de Madrid.<\/p><p style=\"text-align: left;\"><strong>C<\/strong><strong>onferencia<\/strong> <strong>en Jornadas de investigaci\u00f3n. 2013 <\/strong><\/p><p style=\"text-align: left;\"><em>\u00abProceso art\u00edstico: Un viaje a la trasterminancia como acci\u00f3n pedag\u00f3gica\u00bb <\/em>dentro de \u00abJornadas de Evaluaci\u00f3n y convivencia<em> del proyecto Campo Adentro: Arte &amp; Agricultura &amp; <\/em><em>medio rural\u00bb. <\/em>Organiza Ministerio de Medio Ambiente y Agricultura y Ministerio de Cultura. Centro de Creaci\u00f3n Contempor\u00e1nea Matadero-Madrid. \u00c1rea de las Artes del Ayuntamiento de Madrid.<\/p><p style=\"text-align: left;\"><strong>C<\/strong><strong>onferencia en Ciclo de investigaci\u00f3n. 2012\u00a0\u00a0\u00a0\u00a0\u00a0\u00a0 <\/strong><\/p><p style=\"text-align: left;\"><em>\u00abArchivo Paisaje Cultural Sumergido\u00bb <\/em>dentro del Ciclo de presentaciones <em>\u00abMuestras de Archivo\u00bb<\/em><\/p><p style=\"text-align: left;\">Organiza Centro de Creaci\u00f3n Contempor\u00e1nea Matadero-Madrid (Taller de Creadores). \u00c1rea de las Artes del Ayuntamiento de Madrid.<\/p><p style=\"text-align: left;\"><strong>C<\/strong><strong>onferencia en Jornadas de investigaci\u00f3n. <\/strong><strong>2012 <\/strong><\/p><p style=\"text-align: left;\"><em>\u201dCreation Process: Cultural Landscape Submerged\u00bb <\/em>dentro del Ciclo de presentaciones <em>\u00abInternational Festival of Art and Construction. <\/em><em>IFAC.2012&#8243;<\/em><\/p><p style=\"text-align: left;\">Organiza Asociaci\u00f3n Movimiento a la Autosuficiencia &amp; Universidad Polit\u00e9cnica de Madrid. IFAC 2012. Villarino de los Aires, Salamanca.<\/p><p style=\"text-align: left;\"><strong>C<\/strong><strong>onferencia<\/strong> <strong>en Jornadas de investigaci\u00f3n. 2012<\/strong><\/p><p style=\"text-align: left;\"><em>\u00abIm\u00e1genes de nuestro paisaje cultural\u00bb <\/em>dentro del Seminario de Investigaci\u00f3n <em>\u00abQu\u00e9 entendemos cuando hablamos de arte y ecolog\u00eda\u00bb<\/em><\/p><p style=\"text-align: left;\">Organiza Proyecto I+D (HAR 2011-23678) Arte &amp; Ecolog\u00eda. La Casa Encendida Obra Social Caja Madrid &amp; Facultad de Bellas Artes de la Universidad Complutense de Madrid.<\/p><p style=\"text-align: left;\"><strong>C<\/strong><strong>onferencia<\/strong> <strong>en Jornadas de investigaci\u00f3n. 2011 \u00a0<\/strong>\u00a0\u00a0<\/p><p style=\"text-align: left;\"><em>\u201cEn busca de la naturaleza construida I. Dos ejemplos de las nuevas manifestaciones art\u00edsticas en torno <\/em><em>al paisaje\u201d <\/em>dentro de las Jornadas de Arte P\u00fablico de Aranjuez <em>\u00abMapa3. Muestra de Arte P\u00fablico en Aranjuez. Arte actual: Paisajes al margen\u00bb. <\/em>Proyecto de Innovaci\u00f3n y Mejora de la Calidad Docente del C.E.S. Felipe II (UCM)<em>\u00abProcesos de aprendizaje a trav\u00e9s de la intervenci\u00f3n en el espacio p\u00fablico\u00bb.<\/em><\/p><p style=\"text-align: left;\">Organiza Facultad de Bellas Artes del Campus de Aranjuez C.E.S. Felipe II de la Universidad Complutense de Madrid &amp; la Fundaci\u00f3n Aranjuez Paisaje Cultural. 2011, Aranjuez.<\/p><p style=\"text-align: left;\"><strong>Ponencia<\/strong> <strong>en Ciclo. 2010 <\/strong><\/p><p style=\"text-align: left;\"><em>\u00abRecuperar espacios perdidos\u00bb <\/em>dentro del Ciclo \u00ab<em>Manipulando el territorio. Charlas sobre arte, arquitectura y urbanismo contempor\u00e1neos<\/em>.\u00bb<\/p><p style=\"text-align: left;\">Organiza el Departamento de Urbanismo e Historia de la Arquitectura. Escuela de Arquitectura Universidad Europea de Madrid (UEM).<\/p><p style=\"text-align: left;\"><strong>P<\/strong><strong>onencia<\/strong> <strong>en Jornadas. <\/strong><strong>2010 <\/strong>\u00a0\u00a0\u00a0\u00a0\u00a0<\/p><p style=\"text-align: left;\"><em>\u00ab<\/em><em>A<\/em><em>rtistic practice and nature. a project of B\u00e1rbara Fluxa\u201d <\/em>dentro de las Jornadas de encuentro <em>\u00abArt show, Curators \/Network\u00bb<\/em> entre artistas y comisarios europeos dentro del proyecto \u00abCurators\u00b4Network #0\u00bb.<\/p><p style=\"text-align: left;\">Organiza el \u00c1rea de las Artes del Ayuntamiento de Madrid en colaboraci\u00f3n con A.C Hablar en Arte.<\/p><p style=\"text-align: left;\">Centro de Creaci\u00f3n Contempor\u00e1nea Matadero-Madrid (Taller de Creadores). Ayuntamiento de Madrid.<\/p><p style=\"text-align: left;\"><strong>Conferencia<\/strong> <strong>en Encuentro de investigaci\u00f3n. 2010<\/strong><\/p><p style=\"text-align: left;\">\u201c<em>Procesos art\u00edsticos y obras propias.<\/em> <em>B\u00e1rbara Flux\u00e1\u201d <\/em>dentro de \u201c<em>Way out. Un encuentro con Sally Gutierrez, Bel\u00e9n Cueto y B\u00e1rbara Flux\u00e1\u201d.<\/em><\/p><p style=\"text-align: left;\">Organiza Vicedecanato de Cultura y extensi\u00f3n universitaria. Acciones Complementarias 2009\/10. Facultad de Bellas Artes de la Universidad Complutense de Madrid.<\/p><p style=\"text-align: left;\"><strong>C<\/strong><strong>onferencia en Encuentro de creadores universitarios. 2010<\/strong><\/p><p style=\"text-align: left;\"><em>\u201cNada es lo que parece\u201d <\/em>dentro del encuentro de Intransit. Plataforma Complutense de creadores universitarios.<\/p><p style=\"text-align: left;\">Organiza Vicerrectorado de cultura y deporte. Centro de Arte Complutense C arte C.<\/p><p style=\"text-align: left;\"><strong>C<\/strong><strong>onferencia en Simposio Internacional. 2009\u00a0\u00a0\u00a0\u00a0 <\/strong><\/p><p style=\"text-align: left;\"><em>\u00abArte y conflicto: representando las ruinas\u00bb<\/em> impartida como parte del Simposio Internacional <em>\u201cFeedforward. El \u00e1ngel de la historia\u201d.<\/em><\/p><p style=\"text-align: left;\">Organiza Universidad Laboral de Gij\u00f3n. LABoral Centro de Arte y Creaci\u00f3n Industrial de Gij\u00f3n.<\/p><p style=\"text-align: left;\"><strong>Conferencia en Curso de investigaci\u00f3n. 2009\u00a0 \u00a0\u00a0\u00a0<\/strong><\/p><p style=\"text-align: left;\"><em>\u00abPresentaci\u00f3n de proyectos art\u00edsticos propios en torno al paisaje\u00bb <\/em>dentro del curso <em>\u201cLa naturaleza de los lugares: Intervenciones en el espacio (II)\u201d.<\/em><\/p><p style=\"text-align: left;\">Organiza La Casa Encendida de Madrid. Obra Social de Caja Madrid.<\/p><p style=\"text-align: left;\"><strong>Ponencia<\/strong> <strong>en Encuentro. 2006<\/strong><\/p><p style=\"text-align: left;\"><em>\u00abProyecto Des(h)echos. Work in Progress. Mesa 1\u00bb <\/em>dentro del Encuentro con Creadores de la exposici\u00f3n con t\u00edtulo <em>\u00abMaking of. Una exposici\u00f3n falada\u00bb. <\/em><\/p><p style=\"text-align: left;\">Organiza la Asociaci\u00f3n Cultural Liquidaci\u00f3n Total en su sede del Barrio de Malasa\u00f1a de Madrid.<\/p><p style=\"text-align: left;\"><strong>Comunicaci\u00f3n en Jornadas. 2005<\/strong><\/p><p style=\"text-align: left;\"><em>\u00abObjetos encontrados\u00bb <\/em>dentro de las XII Jornadas de Estudio de la Imagen. F\u00f3rum <em>\u201cRegistros Imposibles. El mal de archivo\u201d.<\/em><\/p><p style=\"text-align: left;\">Organiza Fundaci\u00f3n Canal de Isabel II. Consejer\u00eda de Educaci\u00f3n y Cultura de la Comunidad de Madrid.<\/p><\/div>\n\t\t\t\t\t\t\t\t\t<div class=\"elementor-tab-title elementor-tab-mobile-title\" aria-selected=\"false\" data-tab=\"3\" role=\"tab\" tabindex=\"-1\" aria-controls=\"elementor-tab-content-1663\" aria-expanded=\"false\">CURSOS<\/div>\n\t\t\t\t\t<div id=\"elementor-tab-content-1663\" class=\"elementor-tab-content elementor-clearfix\" data-tab=\"3\" role=\"tabpanel\" aria-labelledby=\"elementor-tab-title-1663\" tabindex=\"0\" hidden=\"hidden\"><p><strong>CURSOS Y SEMINARIOS EN LA UNIVERSIDAD P\u00daBLICA:<\/strong><\/p><ul><li>2020 &#8211; Curso sobre Arte &amp; Naturaleza (Coordinaci\u00f3n y Docencia) \u00abAtlas colectivo de los extra\u00f1os forasteros\u00bb.<br \/>Programa de Formaci\u00f3n de Estudiantes de Bellas Artes de Andaluc\u00eda patrocinado por la Fundaci\u00f3n Daniel &amp; Nina Carasso en colaboraci\u00f3n con la Facultad de Bellas artes de la Universidad de Sevilla. Centro de Iniciativas para la Cooperaci\u00f3n CIC (Fuente Agria) de la Fundaci\u00f3n Bat\u00e1, en Villafranca de C\u00f3rdoba.<\/li><li>2019 &#8211; Direcci\u00f3n, Comisariado y Coordinaci\u00f3n Seminario internacional, exposici\u00f3n, taller y concierto. Proyecto: C\u00e1psulas Fuentes III: Arte&amp;Tecnosfera&amp;Investigaci\u00f3n. 2019. Subvenciona: Vicedecanato de Cultura y Extensi\u00f3n Universitaria, Biblioteca y M\u00e1ster en Investigaci\u00f3n en Arte y Creaci\u00f3n (MIAC) de la Facultad de Bellas Artes de la Universidad Complutense de Madrid; y el Proyecto I+D: Interacciones del arte en la tecnosfera, HAR2017-86608-P, de MINECO 2018-21. (www.arteytecnosfera.com) Colaboran: CENTROCENTRO y MEDIALAB PRADO del Ayto. de Madrid. Dept. de Pintura y Conservaci\u00f3n-Restauraci\u00f3n de BBAA-UCM, y Grupo de Investigaci\u00f3n \u201cPr\u00e1cticas Art\u00edsticas y Formas de Conocimiento Contempor\u00e1neas\u201d (Cod.588) UCM.<\/li><li>2018 &#8211; Direcci\u00f3n, Comisariado y Coordinaci\u00f3n Seminario y exposici\u00f3n.<br \/>Proyecto: C\u00e1psulas Fuentes II: Arte&amp;Tecnosfera&amp;Investigaci\u00f3n. 2018.<br \/>Subvenciona: Programa \u00abAcciones Complementarias 2018\u00bb del Vicedecanato de Cultura y la Biblioteca de la Facultad de Bellas Artes de la Universidad Complutense de Madrid; y Proyecto I+D: Interacciones del arte en la tecnosfera. Ministerio de Econom\u00eda y Competitividad de Espa\u00f1a (HAR2017-86608-P. 2018-2021).<\/li><li>2017 &#8211; Direcci\u00f3n, Comisariado y Coordinaci\u00f3n Seminario y exposici\u00f3n.<br \/>Proyecto: C\u00e1psulas Fuentes: Arte&amp;Naturaleza&amp;Investigaci\u00f3n. 2017.<br \/>Subvenciona: Programa \u00abAcciones Complementarias 2017\u00bb del Vicedecanato de Cultura, la Biblioteca Universitaria y el Departamento de Historia de la Facultad de Bellas Artes de la Universidad Complutense de Madrid.<\/li><li>2012 &#8211; Direcci\u00f3n, Comisariado y docencia de Curso y exposici\u00f3n.<br \/>\u00abTrabajando en el espacio cultural. Curso y exposici\u00f3n sobre paisaje contempor\u00e1neo\u00bb Subvenciona: Programa \u00abAcciones Complementarias 2012\u00bb del Vicedecanato de Extensi\u00f3n Universitaria. Facultad de Bellas Artes de la Universidad Complutense de Madrid.<\/li><\/ul><p><strong>CURSOS Y TALLERES DE ARTISTA:<\/strong><\/p><ul><li>2020 &#8211; Curso sobre Arte &amp; Naturaleza (Coordinaci\u00f3n y Docencia)<br \/>\u00abResetear la naturaleza. Estrategias art\u00edsticas para abordar la era del Antropoceno\u00bb Curso de Formaci\u00f3n para Profesorado Programa MIGAP \u2013 CDAN. Museo CDAN-Centro de Arte y Naturaleza de Huesca en colaboraci\u00f3n con el Ayuntamiento de Huesca y el Programa MIGAP (Interreg, POCTEFA y FEDER);<\/li><li>2014 &#8211; Direcci\u00f3n, Coordinaci\u00f3n y Docencia de Curso sobre Arte &amp; Naturaleza<br \/>\u00abTaller de intervenci\u00f3n art\u00edstica en el patio escolar con B\u00e1rbara Flux\u00e1\u00bb.<br \/>Programa Educativo de Formaci\u00f3n del Profesorado \u00abIda y vuelta\u00bb del \u00e1rea Educativa del CA2M. Museo de Arte Contempor\u00e1neo CA2M. Centro de Arte Dos de Mayo de M\u00f3stoles de la Comunidad de Madrid. Curso Escolar 2014\/2015.<\/li><li>2012 &#8211; Curso de Arte contempor\u00e1neo (Coordinaci\u00f3n y Docencia)<br \/>\u00abUn viaje a la trasterminancia como acci\u00f3n pedag\u00f3gica\u00bb<br \/>Proyecto art\u00edstico\/educativo en colaboraci\u00f3n con el Colegio p\u00fablico de Madrigal de La Vera (C\u00e1ceres, Extremadura) dentro del programa de \u00abResidencia de artistas en el medio rural Campo Adentro\u00bb. Subvencionado por: Ministerio de Agricultura y Medio Ambiente, Ministerio de Educaci\u00f3n.<\/li><li>2011 &#8211; Taller sobre Arte &amp; Naturaleza en Licenciatura en Bellas Artes.<br \/>\u201cEn busca de la naturaleza construida II. Un paseo por los jardines de Aranjuez\u201d Jornadas de Arte P\u00fablico de Aranjuez \u00abArte actual: Paisajes al margen\u00bb. Centro de Estudios Superiores (CES) Felipe II (Aranjuez). Universidad Complutense de Madrid.<\/li><li>2011 &#8211; Direcci\u00f3n, Coordinaci\u00f3n y Docencia de Curso sobre Arte &amp; Naturaleza<br \/>\u201cEn busca de la naturaleza construida. Madrid-R\u00edo (Segunda parte)\u201d.<br \/>Programa P\u00fablico \u00abEncuentros con artistas contempor\u00e1neos Archivo Matadero-Madrid\u00bb. Centro de Creaci\u00f3n Contempor\u00e1nea Matadero-Madrid del \u00c1rea de las Artes del Ayuntamiento de Madrid.<\/li><li>2011 &#8211; Direcci\u00f3n, Coordinaci\u00f3n y Docencia de Curso sobre Arte &amp; Naturaleza<br \/>\u201cEn busca de la naturaleza construida. Madrid-R\u00edo (Primera parte)\u201d.<br \/>Programa P\u00fablico \u00abEncuentros con artistas contempor\u00e1neos Archivo Matadero-Madrid\u00bb. Centro de Creaci\u00f3n Contempor\u00e1nea Matadero-Madrid. \u00c1rea de las Artes del Ayto de Madrid.<\/li><li>2010 &#8211; Taller de artista durante la exposici\u00f3n Feedforward en el Centro de Arte LABoral \u201cProyecto coche\u201d Programa pedag\u00f3gico para estudiantes \u00abEncuentros con creadores\u00bb con motivo de la exposici\u00f3n \u00abFeedfoward. El \u00e1ngel de la historia\u00bb.<br \/>LABoral Centro de Arte y Creaci\u00f3n Industrial de Gij\u00f3n. Universidad Laboral de\u00a0 Gij\u00f3n.<\/li><li>2008-09 &#8211; Taller de artista (M\u00f3dulo) en entorno universitario dentro del Curso Proyectos II Curso \u201cProyectos en torno al paisaje\u201d en la asignatura troncal Proyectos II. Departamento de Dibujo I de la Facultad de Bellas Artes de la Universidad Complutense de Madrid.\u00e7<\/li><li>2008 &#8211; Talleres de Arte &amp; Convivencia (Coordinaci\u00f3n y Docencia)<br \/>\u00abJuntos a trav\u00e9s del Arte\u00bb Proyecto de integraci\u00f3n social promovido por la Asociaci\u00f3n Hablarenarte Financia Programa de Integraci\u00f3n Social de Inmigrantes de la Fundaci\u00f3n ICO. Centros de Participaci\u00f3n e Integraci\u00f3n para Inmigrantes de Madrid (CEPIS) de la Comunidad de Madrid.<\/li><li>2005 -06 &#8211; Talleres de difusi\u00f3n pedag\u00f3gica y expresi\u00f3n pl\u00e1stica (Coordinaci\u00f3n y Docencia) \u00abInmersi\u00f3n en el arte\u00bb Programa educativo en colaboraci\u00f3n con la asociaci\u00f3n Hablarenarte. Financia: Fundaci\u00f3n Arte y Derecho C\u00edrculo de Bellas Artes de Madrid.<\/li><li>2004 &#8211; Taller de artista en Colegio Internacional (workshop en ingl\u00e9s)<br \/>\u00abDes(h)echos\u00bb Programa \u00abArtistas en residencia\u00bb International College Spain de Madrid (Colegio biling\u00fce)<\/li><\/ul><\/div>\n\t\t\t\t\t\t\t<\/div>\n\t\t<\/div>\n\t\t\t\t<\/div>\n\t\t\t\t<\/div>\n\t\t\t\t<div class=\"elementor-element elementor-element-3ef1cea elementor-widget elementor-widget-spacer\" data-id=\"3ef1cea\" data-element_type=\"widget\" data-widget_type=\"spacer.default\">\n\t\t\t\t<div class=\"elementor-widget-container\">\n\t\t\t\t\t<div class=\"elementor-spacer\">\n\t\t\t<div class=\"elementor-spacer-inner\"><\/div>\n\t\t<\/div>\n\t\t\t\t<\/div>\n\t\t\t\t<\/div>\n\t\t\t\t<div class=\"elementor-element elementor-element-240aa0b eael-fg-hoverer-content-align-left elementor-widget elementor-widget-eael-filterable-gallery\" data-id=\"240aa0b\" data-element_type=\"widget\" data-settings=\"{&quot;photo_gallery&quot;:&quot;yes&quot;,&quot;pagination&quot;:&quot;false&quot;}\" data-widget_type=\"eael-filterable-gallery.default\">\n\t\t\t\t<div class=\"elementor-widget-container\">\n\t\t\t<style id=\"eael-fg-inline-css-240aa0b\">@media only screen and (max-width: 2399px) {\n\t\t\t\t\t.elementor-element.elementor-element-240aa0b .eael-filterable-gallery-item-wrap {\n\t\t\t\t\t        width: 33.333333333333%;\n\t\t\t\t\t    }\n\t\t\t\t\t}@media only screen and (max-width: 1024px) {\n\t\t\t\t\t.elementor-element.elementor-element-240aa0b  .eael-filterable-gallery-item-wrap {\n\t\t\t\t\t        width: 50%;\n\t\t\t\t\t    }\n\t\t\t\t\t}@media only screen and (max-width: 767px) {\n\t\t\t\t\t.elementor-element.elementor-element-240aa0b  .eael-filterable-gallery-item-wrap {\n\t\t\t\t\t        width: 100%;\n\t\t\t\t\t    }\n\t\t\t\t\t}<\/style>        <div id=\"eael-filter-gallery-wrapper-240aa0b\" class=\"eael-filter-gallery-wrapper\" data-layout-mode=\"hoverer\" data-breakpoints=\"{&quot;mobile&quot;:{&quot;label&quot;:&quot;Mobile Portrait&quot;,&quot;value&quot;:767,&quot;default_value&quot;:767,&quot;direction&quot;:&quot;max&quot;,&quot;is_enabled&quot;:true},&quot;mobile_extra&quot;:{&quot;label&quot;:&quot;Mobile Landscape&quot;,&quot;value&quot;:880,&quot;default_value&quot;:880,&quot;direction&quot;:&quot;max&quot;,&quot;is_enabled&quot;:false},&quot;tablet&quot;:{&quot;label&quot;:&quot;Tablet Portrait&quot;,&quot;value&quot;:1024,&quot;default_value&quot;:1024,&quot;direction&quot;:&quot;max&quot;,&quot;is_enabled&quot;:true},&quot;tablet_extra&quot;:{&quot;label&quot;:&quot;Tablet Landscape&quot;,&quot;value&quot;:1200,&quot;default_value&quot;:1200,&quot;direction&quot;:&quot;max&quot;,&quot;is_enabled&quot;:false},&quot;laptop&quot;:{&quot;label&quot;:&quot;Laptop&quot;,&quot;value&quot;:1366,&quot;default_value&quot;:1366,&quot;direction&quot;:&quot;max&quot;,&quot;is_enabled&quot;:false},&quot;widescreen&quot;:{&quot;label&quot;:&quot;Widescreen&quot;,&quot;value&quot;:2400,&quot;default_value&quot;:2400,&quot;direction&quot;:&quot;min&quot;,&quot;is_enabled&quot;:false}}\" data-default_control_key=\"0\" data-custom_default_control=\"1\">\n            \n            \n            <div class=\"eael-filter-gallery-container eael-filter-gallery-grid\" data-images-per-page=\"\" data-total-gallery-items=\"12\" data-nomore-item-text=\"\" data-settings=\"{&quot;grid_style&quot;:&quot;grid&quot;,&quot;popup&quot;:&quot;media&quot;,&quot;duration&quot;:500,&quot;gallery_enabled&quot;:&quot;yes&quot;,&quot;video_gallery_yt_privacy&quot;:&quot;&quot;,&quot;control_all_text&quot;:null,&quot;post_id&quot;:11846,&quot;widget_id&quot;:&quot;240aa0b&quot;}\" data-search-all=\"\" data-gallery-items=\"[&quot;\\u003Cdiv class=\\u0022eael-filterable-gallery-item-wrap\\u0022\\u003E\\n\\t\\t\\t\\t\\u003Cdiv class=\\u0022eael-gallery-grid-item\\u0022\\u003E\\u003Cdiv class=\\u0022gallery-item-thumbnail-wrap\\u0022\\u003E\\u003Cimg src=\\u0022https:\\\/\\\/barbarafluxa.com\\\/wp-content\\\/uploads\\\/2021\\\/04\\\/CONFERENCIA-ACCESOS.jpg\\u0022 data-lazy-src=\\u0022https:\\\/\\\/barbarafluxa.com\\\/wp-content\\\/uploads\\\/2021\\\/04\\\/CONFERENCIA-ACCESOS.jpg\\u0022 alt=\\u0022\\u0022 class=\\u0022gallery-item-thumbnail\\u0022\\u003E\\u003C\\\/div\\u003E\\u003Ca href=\\u0022https:\\\/\\\/barbarafluxa.com\\\/wp-content\\\/uploads\\\/2021\\\/04\\\/CONFERENCIA-ACCESOS.jpg\\u0022 class=\\u0022eael-magnific-link eael-magnific-link-clone active media-content-wrap\\u0022 data-elementor-open-lightbox=\\u0022no\\u0022 title=\\u0022\\u0022\\u003E\\u003Cdiv class=\\u0022gallery-item-caption-wrap caption-style-hoverer eael-slide-up\\u0022\\u003E\\u003Cdiv class=\\u0022gallery-item-hoverer-bg\\u0022\\u003E\\u003C\\\/div\\u003E\\u003Cdiv class=\\u0022gallery-item-caption-over\\u0022\\u003E\\u003C\\\/div\\u003E\\u003C\\\/div\\u003E\\u003C\\\/a\\u003E\\u003C\\\/div\\u003E\\u003C\\\/div\\u003E&quot;,&quot;\\u003Cdiv class=\\u0022eael-filterable-gallery-item-wrap\\u0022\\u003E\\n\\t\\t\\t\\t\\u003Cdiv class=\\u0022eael-gallery-grid-item\\u0022\\u003E\\u003Cdiv class=\\u0022gallery-item-thumbnail-wrap\\u0022\\u003E\\u003Cimg src=\\u0022https:\\\/\\\/barbarafluxa.com\\\/wp-content\\\/uploads\\\/2021\\\/04\\\/CURSO-FAR-cordoba.jpg\\u0022 data-lazy-src=\\u0022https:\\\/\\\/barbarafluxa.com\\\/wp-content\\\/uploads\\\/2021\\\/04\\\/CURSO-FAR-cordoba.jpg\\u0022 alt=\\u0022\\u0022 class=\\u0022gallery-item-thumbnail\\u0022\\u003E\\u003C\\\/div\\u003E\\u003Ca href=\\u0022https:\\\/\\\/barbarafluxa.com\\\/wp-content\\\/uploads\\\/2021\\\/04\\\/CURSO-FAR-cordoba.jpg\\u0022 class=\\u0022eael-magnific-link eael-magnific-link-clone active media-content-wrap\\u0022 data-elementor-open-lightbox=\\u0022no\\u0022 title=\\u0022\\u0022\\u003E\\u003Cdiv class=\\u0022gallery-item-caption-wrap caption-style-hoverer eael-slide-up\\u0022\\u003E\\u003Cdiv class=\\u0022gallery-item-hoverer-bg\\u0022\\u003E\\u003C\\\/div\\u003E\\u003Cdiv class=\\u0022gallery-item-caption-over\\u0022\\u003E\\u003C\\\/div\\u003E\\u003C\\\/div\\u003E\\u003C\\\/a\\u003E\\u003C\\\/div\\u003E\\u003C\\\/div\\u003E&quot;,&quot;\\u003Cdiv class=\\u0022eael-filterable-gallery-item-wrap\\u0022\\u003E\\n\\t\\t\\t\\t\\u003Cdiv class=\\u0022eael-gallery-grid-item\\u0022\\u003E\\u003Cdiv class=\\u0022gallery-item-thumbnail-wrap\\u0022\\u003E\\u003Cimg src=\\u0022https:\\\/\\\/barbarafluxa.com\\\/wp-content\\\/uploads\\\/2021\\\/04\\\/CURSO-CENDEAC.jpg\\u0022 data-lazy-src=\\u0022https:\\\/\\\/barbarafluxa.com\\\/wp-content\\\/uploads\\\/2021\\\/04\\\/CURSO-CENDEAC.jpg\\u0022 alt=\\u0022\\u0022 class=\\u0022gallery-item-thumbnail\\u0022\\u003E\\u003C\\\/div\\u003E\\u003Ca href=\\u0022https:\\\/\\\/barbarafluxa.com\\\/wp-content\\\/uploads\\\/2021\\\/04\\\/CURSO-CENDEAC.jpg\\u0022 class=\\u0022eael-magnific-link eael-magnific-link-clone active media-content-wrap\\u0022 data-elementor-open-lightbox=\\u0022no\\u0022 title=\\u0022\\u0022\\u003E\\u003Cdiv class=\\u0022gallery-item-caption-wrap caption-style-hoverer eael-slide-up\\u0022\\u003E\\u003Cdiv class=\\u0022gallery-item-hoverer-bg\\u0022\\u003E\\u003C\\\/div\\u003E\\u003Cdiv class=\\u0022gallery-item-caption-over\\u0022\\u003E\\u003C\\\/div\\u003E\\u003C\\\/div\\u003E\\u003C\\\/a\\u003E\\u003C\\\/div\\u003E\\u003C\\\/div\\u003E&quot;,&quot;\\u003Cdiv class=\\u0022eael-filterable-gallery-item-wrap\\u0022\\u003E\\n\\t\\t\\t\\t\\u003Cdiv class=\\u0022eael-gallery-grid-item\\u0022\\u003E\\u003Cdiv class=\\u0022gallery-item-thumbnail-wrap\\u0022\\u003E\\u003Cimg src=\\u0022https:\\\/\\\/barbarafluxa.com\\\/wp-content\\\/uploads\\\/2021\\\/04\\\/CURSO-CDAN-barbara-fluxa2.jpeg\\u0022 data-lazy-src=\\u0022https:\\\/\\\/barbarafluxa.com\\\/wp-content\\\/uploads\\\/2021\\\/04\\\/CURSO-CDAN-barbara-fluxa2.jpeg\\u0022 alt=\\u0022\\u0022 class=\\u0022gallery-item-thumbnail\\u0022\\u003E\\u003C\\\/div\\u003E\\u003Ca href=\\u0022https:\\\/\\\/barbarafluxa.com\\\/wp-content\\\/uploads\\\/2021\\\/04\\\/CURSO-CDAN-barbara-fluxa2.jpeg\\u0022 class=\\u0022eael-magnific-link eael-magnific-link-clone active media-content-wrap\\u0022 data-elementor-open-lightbox=\\u0022no\\u0022 title=\\u0022\\u0022\\u003E\\u003Cdiv class=\\u0022gallery-item-caption-wrap caption-style-hoverer eael-slide-up\\u0022\\u003E\\u003Cdiv class=\\u0022gallery-item-hoverer-bg\\u0022\\u003E\\u003C\\\/div\\u003E\\u003Cdiv class=\\u0022gallery-item-caption-over\\u0022\\u003E\\u003C\\\/div\\u003E\\u003C\\\/div\\u003E\\u003C\\\/a\\u003E\\u003C\\\/div\\u003E\\u003C\\\/div\\u003E&quot;,&quot;\\u003Cdiv class=\\u0022eael-filterable-gallery-item-wrap\\u0022\\u003E\\n\\t\\t\\t\\t\\u003Cdiv class=\\u0022eael-gallery-grid-item\\u0022\\u003E\\u003Cdiv class=\\u0022gallery-item-thumbnail-wrap\\u0022\\u003E\\u003Cimg src=\\u0022https:\\\/\\\/barbarafluxa.com\\\/wp-content\\\/uploads\\\/2021\\\/01\\\/web-ext.JPG.jpg\\u0022 data-lazy-src=\\u0022https:\\\/\\\/barbarafluxa.com\\\/wp-content\\\/uploads\\\/2021\\\/01\\\/web-ext.JPG.jpg\\u0022 alt=\\u0022\\u0022 class=\\u0022gallery-item-thumbnail\\u0022\\u003E\\u003C\\\/div\\u003E\\u003Ca href=\\u0022https:\\\/\\\/barbarafluxa.com\\\/wp-content\\\/uploads\\\/2021\\\/01\\\/web-ext.JPG.jpg\\u0022 class=\\u0022eael-magnific-link eael-magnific-link-clone active media-content-wrap\\u0022 data-elementor-open-lightbox=\\u0022no\\u0022 title=\\u0022\\u0022\\u003E\\u003Cdiv class=\\u0022gallery-item-caption-wrap caption-style-hoverer eael-slide-up\\u0022\\u003E\\u003Cdiv class=\\u0022gallery-item-hoverer-bg\\u0022\\u003E\\u003C\\\/div\\u003E\\u003Cdiv class=\\u0022gallery-item-caption-over\\u0022\\u003E\\u003C\\\/div\\u003E\\u003C\\\/div\\u003E\\u003C\\\/a\\u003E\\u003C\\\/div\\u003E\\u003C\\\/div\\u003E&quot;,&quot;\\u003Cdiv class=\\u0022eael-filterable-gallery-item-wrap\\u0022\\u003E\\n\\t\\t\\t\\t\\u003Cdiv class=\\u0022eael-gallery-grid-item\\u0022\\u003E\\u003Cdiv class=\\u0022gallery-item-thumbnail-wrap\\u0022\\u003E\\u003Cimg src=\\u0022https:\\\/\\\/barbarafluxa.com\\\/wp-content\\\/uploads\\\/2021\\\/01\\\/DSC_0036.JPG.jpg\\u0022 data-lazy-src=\\u0022https:\\\/\\\/barbarafluxa.com\\\/wp-content\\\/uploads\\\/2021\\\/01\\\/DSC_0036.JPG.jpg\\u0022 alt=\\u0022\\u0022 class=\\u0022gallery-item-thumbnail\\u0022\\u003E\\u003C\\\/div\\u003E\\u003Ca href=\\u0022https:\\\/\\\/barbarafluxa.com\\\/wp-content\\\/uploads\\\/2021\\\/01\\\/DSC_0036.JPG.jpg\\u0022 class=\\u0022eael-magnific-link eael-magnific-link-clone active media-content-wrap\\u0022 data-elementor-open-lightbox=\\u0022no\\u0022 title=\\u0022\\u0022\\u003E\\u003Cdiv class=\\u0022gallery-item-caption-wrap caption-style-hoverer eael-slide-up\\u0022\\u003E\\u003Cdiv class=\\u0022gallery-item-hoverer-bg\\u0022\\u003E\\u003C\\\/div\\u003E\\u003Cdiv class=\\u0022gallery-item-caption-over\\u0022\\u003E\\u003C\\\/div\\u003E\\u003C\\\/div\\u003E\\u003C\\\/a\\u003E\\u003C\\\/div\\u003E\\u003C\\\/div\\u003E&quot;,&quot;\\u003Cdiv class=\\u0022eael-filterable-gallery-item-wrap\\u0022\\u003E\\n\\t\\t\\t\\t\\u003Cdiv class=\\u0022eael-gallery-grid-item\\u0022\\u003E\\u003Cdiv class=\\u0022gallery-item-thumbnail-wrap\\u0022\\u003E\\u003Cimg src=\\u0022https:\\\/\\\/barbarafluxa.com\\\/wp-content\\\/uploads\\\/2021\\\/01\\\/IMG_9965.JPG.jpg\\u0022 data-lazy-src=\\u0022https:\\\/\\\/barbarafluxa.com\\\/wp-content\\\/uploads\\\/2021\\\/01\\\/IMG_9965.JPG.jpg\\u0022 alt=\\u0022\\u0022 class=\\u0022gallery-item-thumbnail\\u0022\\u003E\\u003C\\\/div\\u003E\\u003Ca href=\\u0022https:\\\/\\\/barbarafluxa.com\\\/wp-content\\\/uploads\\\/2021\\\/01\\\/IMG_9965.JPG.jpg\\u0022 class=\\u0022eael-magnific-link eael-magnific-link-clone active media-content-wrap\\u0022 data-elementor-open-lightbox=\\u0022no\\u0022 title=\\u0022\\u0022\\u003E\\u003Cdiv class=\\u0022gallery-item-caption-wrap caption-style-hoverer eael-slide-up\\u0022\\u003E\\u003Cdiv class=\\u0022gallery-item-hoverer-bg\\u0022\\u003E\\u003C\\\/div\\u003E\\u003Cdiv class=\\u0022gallery-item-caption-over\\u0022\\u003E\\u003C\\\/div\\u003E\\u003C\\\/div\\u003E\\u003C\\\/a\\u003E\\u003C\\\/div\\u003E\\u003C\\\/div\\u003E&quot;,&quot;\\u003Cdiv class=\\u0022eael-filterable-gallery-item-wrap\\u0022\\u003E\\n\\t\\t\\t\\t\\u003Cdiv class=\\u0022eael-gallery-grid-item\\u0022\\u003E\\u003Cdiv class=\\u0022gallery-item-thumbnail-wrap\\u0022\\u003E\\u003Cimg src=\\u0022https:\\\/\\\/barbarafluxa.com\\\/wp-content\\\/uploads\\\/2021\\\/01\\\/CASA-ENCENDIDA1.jpg\\u0022 data-lazy-src=\\u0022https:\\\/\\\/barbarafluxa.com\\\/wp-content\\\/uploads\\\/2021\\\/01\\\/CASA-ENCENDIDA1.jpg\\u0022 alt=\\u0022\\u0022 class=\\u0022gallery-item-thumbnail\\u0022\\u003E\\u003C\\\/div\\u003E\\u003Ca href=\\u0022https:\\\/\\\/barbarafluxa.com\\\/wp-content\\\/uploads\\\/2021\\\/01\\\/CASA-ENCENDIDA1.jpg\\u0022 class=\\u0022eael-magnific-link eael-magnific-link-clone active media-content-wrap\\u0022 data-elementor-open-lightbox=\\u0022no\\u0022 title=\\u0022\\u0022\\u003E\\u003Cdiv class=\\u0022gallery-item-caption-wrap caption-style-hoverer eael-slide-up\\u0022\\u003E\\u003Cdiv class=\\u0022gallery-item-hoverer-bg\\u0022\\u003E\\u003C\\\/div\\u003E\\u003Cdiv class=\\u0022gallery-item-caption-over\\u0022\\u003E\\u003C\\\/div\\u003E\\u003C\\\/div\\u003E\\u003C\\\/a\\u003E\\u003C\\\/div\\u003E\\u003C\\\/div\\u003E&quot;,&quot;\\u003Cdiv class=\\u0022eael-filterable-gallery-item-wrap\\u0022\\u003E\\n\\t\\t\\t\\t\\u003Cdiv class=\\u0022eael-gallery-grid-item\\u0022\\u003E\\u003Cdiv class=\\u0022gallery-item-thumbnail-wrap\\u0022\\u003E\\u003Cimg src=\\u0022https:\\\/\\\/barbarafluxa.com\\\/wp-content\\\/uploads\\\/2021\\\/01\\\/RETRATO-BARBAR-FLUXA1.jpg\\u0022 data-lazy-src=\\u0022https:\\\/\\\/barbarafluxa.com\\\/wp-content\\\/uploads\\\/2021\\\/01\\\/RETRATO-BARBAR-FLUXA1.jpg\\u0022 alt=\\u0022\\u0022 class=\\u0022gallery-item-thumbnail\\u0022\\u003E\\u003C\\\/div\\u003E\\u003Ca href=\\u0022https:\\\/\\\/barbarafluxa.com\\\/wp-content\\\/uploads\\\/2021\\\/01\\\/RETRATO-BARBAR-FLUXA1.jpg\\u0022 class=\\u0022eael-magnific-link eael-magnific-link-clone active media-content-wrap\\u0022 data-elementor-open-lightbox=\\u0022no\\u0022 title=\\u0022\\u0022\\u003E\\u003Cdiv class=\\u0022gallery-item-caption-wrap caption-style-hoverer eael-slide-up\\u0022\\u003E\\u003Cdiv class=\\u0022gallery-item-hoverer-bg\\u0022\\u003E\\u003C\\\/div\\u003E\\u003Cdiv class=\\u0022gallery-item-caption-over\\u0022\\u003E\\u003C\\\/div\\u003E\\u003C\\\/div\\u003E\\u003C\\\/a\\u003E\\u003C\\\/div\\u003E\\u003C\\\/div\\u003E&quot;,&quot;\\u003Cdiv class=\\u0022eael-filterable-gallery-item-wrap\\u0022\\u003E\\n\\t\\t\\t\\t\\u003Cdiv class=\\u0022eael-gallery-grid-item\\u0022\\u003E\\u003Cdiv class=\\u0022gallery-item-thumbnail-wrap\\u0022\\u003E\\u003Cimg src=\\u0022https:\\\/\\\/barbarafluxa.com\\\/wp-content\\\/uploads\\\/2021\\\/01\\\/SESION-JORNADAS1.jpg\\u0022 data-lazy-src=\\u0022https:\\\/\\\/barbarafluxa.com\\\/wp-content\\\/uploads\\\/2021\\\/01\\\/SESION-JORNADAS1.jpg\\u0022 alt=\\u0022\\u0022 class=\\u0022gallery-item-thumbnail\\u0022\\u003E\\u003C\\\/div\\u003E\\u003Ca href=\\u0022https:\\\/\\\/barbarafluxa.com\\\/wp-content\\\/uploads\\\/2021\\\/01\\\/SESION-JORNADAS1.jpg\\u0022 class=\\u0022eael-magnific-link eael-magnific-link-clone active media-content-wrap\\u0022 data-elementor-open-lightbox=\\u0022no\\u0022 title=\\u0022\\u0022\\u003E\\u003Cdiv class=\\u0022gallery-item-caption-wrap caption-style-hoverer eael-slide-up\\u0022\\u003E\\u003Cdiv class=\\u0022gallery-item-hoverer-bg\\u0022\\u003E\\u003C\\\/div\\u003E\\u003Cdiv class=\\u0022gallery-item-caption-over\\u0022\\u003E\\u003C\\\/div\\u003E\\u003C\\\/div\\u003E\\u003C\\\/a\\u003E\\u003C\\\/div\\u003E\\u003C\\\/div\\u003E&quot;,&quot;\\u003Cdiv class=\\u0022eael-filterable-gallery-item-wrap\\u0022\\u003E\\n\\t\\t\\t\\t\\u003Cdiv class=\\u0022eael-gallery-grid-item\\u0022\\u003E\\u003Cdiv class=\\u0022gallery-item-thumbnail-wrap\\u0022\\u003E\\u003Cimg src=\\u0022https:\\\/\\\/barbarafluxa.com\\\/wp-content\\\/uploads\\\/2022\\\/12\\\/Residencias-CReA-012-scaled.jpg\\u0022 data-lazy-src=\\u0022https:\\\/\\\/barbarafluxa.com\\\/wp-content\\\/uploads\\\/2022\\\/12\\\/Residencias-CReA-012-scaled.jpg\\u0022 alt=\\u0022\\u0022 class=\\u0022gallery-item-thumbnail\\u0022\\u003E\\u003C\\\/div\\u003E\\u003Ca href=\\u0022https:\\\/\\\/barbarafluxa.com\\\/wp-content\\\/uploads\\\/2022\\\/12\\\/Residencias-CReA-012-scaled.jpg\\u0022 class=\\u0022eael-magnific-link eael-magnific-link-clone active media-content-wrap\\u0022 data-elementor-open-lightbox=\\u0022no\\u0022 title=\\u0022\\u0022\\u003E\\u003Cdiv class=\\u0022gallery-item-caption-wrap caption-style-hoverer eael-slide-up\\u0022\\u003E\\u003Cdiv class=\\u0022gallery-item-hoverer-bg\\u0022\\u003E\\u003C\\\/div\\u003E\\u003Cdiv class=\\u0022gallery-item-caption-over\\u0022\\u003E\\u003C\\\/div\\u003E\\u003C\\\/div\\u003E\\u003C\\\/a\\u003E\\u003C\\\/div\\u003E\\u003C\\\/div\\u003E&quot;,&quot;\\u003Cdiv class=\\u0022eael-filterable-gallery-item-wrap\\u0022\\u003E\\n\\t\\t\\t\\t\\u003Cdiv class=\\u0022eael-gallery-grid-item\\u0022\\u003E\\u003Cdiv class=\\u0022gallery-item-thumbnail-wrap\\u0022\\u003E\\u003Cimg src=\\u0022https:\\\/\\\/barbarafluxa.com\\\/wp-content\\\/uploads\\\/2022\\\/12\\\/Captura-de-pantalla-2022-12-22-202209.jpg\\u0022 data-lazy-src=\\u0022https:\\\/\\\/barbarafluxa.com\\\/wp-content\\\/uploads\\\/2022\\\/12\\\/Captura-de-pantalla-2022-12-22-202209.jpg\\u0022 alt=\\u0022\\u0022 class=\\u0022gallery-item-thumbnail\\u0022\\u003E\\u003C\\\/div\\u003E\\u003Ca href=\\u0022https:\\\/\\\/barbarafluxa.com\\\/wp-content\\\/uploads\\\/2022\\\/12\\\/Captura-de-pantalla-2022-12-22-202209.jpg\\u0022 class=\\u0022eael-magnific-link eael-magnific-link-clone active media-content-wrap\\u0022 data-elementor-open-lightbox=\\u0022no\\u0022 title=\\u0022\\u0022\\u003E\\u003Cdiv class=\\u0022gallery-item-caption-wrap caption-style-hoverer eael-slide-up\\u0022\\u003E\\u003Cdiv class=\\u0022gallery-item-hoverer-bg\\u0022\\u003E\\u003C\\\/div\\u003E\\u003Cdiv class=\\u0022gallery-item-caption-over\\u0022\\u003E\\u003C\\\/div\\u003E\\u003C\\\/div\\u003E\\u003C\\\/a\\u003E\\u003C\\\/div\\u003E\\u003C\\\/div\\u003E&quot;]\" data-init-show=\"15\">\n                <div class=\"eael-filterable-gallery-item-wrap\">\n\t\t\t\t<div class=\"eael-gallery-grid-item\"><div class=\"gallery-item-thumbnail-wrap\"><img decoding=\"async\" src=\"https:\/\/barbarafluxa.com\/wp-content\/uploads\/2021\/04\/CONFERENCIA-ACCESOS.jpg\" data-lazy-src=\"https:\/\/barbarafluxa.com\/wp-content\/uploads\/2021\/04\/CONFERENCIA-ACCESOS.jpg\" alt=\"\" class=\"gallery-item-thumbnail\"><\/div><a href=\"https:\/\/barbarafluxa.com\/wp-content\/uploads\/2021\/04\/CONFERENCIA-ACCESOS.jpg\" class=\"eael-magnific-link eael-magnific-link-clone active media-content-wrap\" data-elementor-open-lightbox=\"no\" title=\"\"><div class=\"gallery-item-caption-wrap caption-style-hoverer eael-slide-up\"><div class=\"gallery-item-hoverer-bg\"><\/div><div class=\"gallery-item-caption-over\"><\/div><\/div><\/a><\/div><\/div><div class=\"eael-filterable-gallery-item-wrap\">\n\t\t\t\t<div class=\"eael-gallery-grid-item\"><div class=\"gallery-item-thumbnail-wrap\"><img decoding=\"async\" src=\"https:\/\/barbarafluxa.com\/wp-content\/uploads\/2021\/04\/CURSO-FAR-cordoba.jpg\" data-lazy-src=\"https:\/\/barbarafluxa.com\/wp-content\/uploads\/2021\/04\/CURSO-FAR-cordoba.jpg\" alt=\"\" class=\"gallery-item-thumbnail\"><\/div><a href=\"https:\/\/barbarafluxa.com\/wp-content\/uploads\/2021\/04\/CURSO-FAR-cordoba.jpg\" class=\"eael-magnific-link eael-magnific-link-clone active media-content-wrap\" data-elementor-open-lightbox=\"no\" title=\"\"><div class=\"gallery-item-caption-wrap caption-style-hoverer eael-slide-up\"><div class=\"gallery-item-hoverer-bg\"><\/div><div class=\"gallery-item-caption-over\"><\/div><\/div><\/a><\/div><\/div><div class=\"eael-filterable-gallery-item-wrap\">\n\t\t\t\t<div class=\"eael-gallery-grid-item\"><div class=\"gallery-item-thumbnail-wrap\"><img decoding=\"async\" src=\"https:\/\/barbarafluxa.com\/wp-content\/uploads\/2021\/04\/CURSO-CENDEAC.jpg\" data-lazy-src=\"https:\/\/barbarafluxa.com\/wp-content\/uploads\/2021\/04\/CURSO-CENDEAC.jpg\" alt=\"\" class=\"gallery-item-thumbnail\"><\/div><a href=\"https:\/\/barbarafluxa.com\/wp-content\/uploads\/2021\/04\/CURSO-CENDEAC.jpg\" class=\"eael-magnific-link eael-magnific-link-clone active media-content-wrap\" data-elementor-open-lightbox=\"no\" title=\"\"><div class=\"gallery-item-caption-wrap caption-style-hoverer eael-slide-up\"><div class=\"gallery-item-hoverer-bg\"><\/div><div class=\"gallery-item-caption-over\"><\/div><\/div><\/a><\/div><\/div><div class=\"eael-filterable-gallery-item-wrap\">\n\t\t\t\t<div class=\"eael-gallery-grid-item\"><div class=\"gallery-item-thumbnail-wrap\"><img decoding=\"async\" src=\"https:\/\/barbarafluxa.com\/wp-content\/uploads\/2021\/04\/CURSO-CDAN-barbara-fluxa2.jpeg\" data-lazy-src=\"https:\/\/barbarafluxa.com\/wp-content\/uploads\/2021\/04\/CURSO-CDAN-barbara-fluxa2.jpeg\" alt=\"\" class=\"gallery-item-thumbnail\"><\/div><a href=\"https:\/\/barbarafluxa.com\/wp-content\/uploads\/2021\/04\/CURSO-CDAN-barbara-fluxa2.jpeg\" class=\"eael-magnific-link eael-magnific-link-clone active media-content-wrap\" data-elementor-open-lightbox=\"no\" title=\"\"><div class=\"gallery-item-caption-wrap caption-style-hoverer eael-slide-up\"><div class=\"gallery-item-hoverer-bg\"><\/div><div class=\"gallery-item-caption-over\"><\/div><\/div><\/a><\/div><\/div><div class=\"eael-filterable-gallery-item-wrap\">\n\t\t\t\t<div class=\"eael-gallery-grid-item\"><div class=\"gallery-item-thumbnail-wrap\"><img decoding=\"async\" src=\"https:\/\/barbarafluxa.com\/wp-content\/uploads\/2021\/01\/web-ext.JPG.jpg\" data-lazy-src=\"https:\/\/barbarafluxa.com\/wp-content\/uploads\/2021\/01\/web-ext.JPG.jpg\" alt=\"\" class=\"gallery-item-thumbnail\"><\/div><a href=\"https:\/\/barbarafluxa.com\/wp-content\/uploads\/2021\/01\/web-ext.JPG.jpg\" class=\"eael-magnific-link eael-magnific-link-clone active media-content-wrap\" data-elementor-open-lightbox=\"no\" title=\"\"><div class=\"gallery-item-caption-wrap caption-style-hoverer eael-slide-up\"><div class=\"gallery-item-hoverer-bg\"><\/div><div class=\"gallery-item-caption-over\"><\/div><\/div><\/a><\/div><\/div><div class=\"eael-filterable-gallery-item-wrap\">\n\t\t\t\t<div class=\"eael-gallery-grid-item\"><div class=\"gallery-item-thumbnail-wrap\"><img decoding=\"async\" src=\"https:\/\/barbarafluxa.com\/wp-content\/uploads\/2021\/01\/DSC_0036.JPG.jpg\" data-lazy-src=\"https:\/\/barbarafluxa.com\/wp-content\/uploads\/2021\/01\/DSC_0036.JPG.jpg\" alt=\"\" class=\"gallery-item-thumbnail\"><\/div><a href=\"https:\/\/barbarafluxa.com\/wp-content\/uploads\/2021\/01\/DSC_0036.JPG.jpg\" class=\"eael-magnific-link eael-magnific-link-clone active media-content-wrap\" data-elementor-open-lightbox=\"no\" title=\"\"><div class=\"gallery-item-caption-wrap caption-style-hoverer eael-slide-up\"><div class=\"gallery-item-hoverer-bg\"><\/div><div class=\"gallery-item-caption-over\"><\/div><\/div><\/a><\/div><\/div><div class=\"eael-filterable-gallery-item-wrap\">\n\t\t\t\t<div class=\"eael-gallery-grid-item\"><div class=\"gallery-item-thumbnail-wrap\"><img decoding=\"async\" src=\"https:\/\/barbarafluxa.com\/wp-content\/uploads\/2021\/01\/IMG_9965.JPG.jpg\" data-lazy-src=\"https:\/\/barbarafluxa.com\/wp-content\/uploads\/2021\/01\/IMG_9965.JPG.jpg\" alt=\"\" class=\"gallery-item-thumbnail\"><\/div><a href=\"https:\/\/barbarafluxa.com\/wp-content\/uploads\/2021\/01\/IMG_9965.JPG.jpg\" class=\"eael-magnific-link eael-magnific-link-clone active media-content-wrap\" data-elementor-open-lightbox=\"no\" title=\"\"><div class=\"gallery-item-caption-wrap caption-style-hoverer eael-slide-up\"><div class=\"gallery-item-hoverer-bg\"><\/div><div class=\"gallery-item-caption-over\"><\/div><\/div><\/a><\/div><\/div><div class=\"eael-filterable-gallery-item-wrap\">\n\t\t\t\t<div class=\"eael-gallery-grid-item\"><div class=\"gallery-item-thumbnail-wrap\"><img decoding=\"async\" src=\"https:\/\/barbarafluxa.com\/wp-content\/uploads\/2021\/01\/CASA-ENCENDIDA1.jpg\" data-lazy-src=\"https:\/\/barbarafluxa.com\/wp-content\/uploads\/2021\/01\/CASA-ENCENDIDA1.jpg\" alt=\"\" class=\"gallery-item-thumbnail\"><\/div><a href=\"https:\/\/barbarafluxa.com\/wp-content\/uploads\/2021\/01\/CASA-ENCENDIDA1.jpg\" class=\"eael-magnific-link eael-magnific-link-clone active media-content-wrap\" data-elementor-open-lightbox=\"no\" title=\"\"><div class=\"gallery-item-caption-wrap caption-style-hoverer eael-slide-up\"><div class=\"gallery-item-hoverer-bg\"><\/div><div class=\"gallery-item-caption-over\"><\/div><\/div><\/a><\/div><\/div><div class=\"eael-filterable-gallery-item-wrap\">\n\t\t\t\t<div class=\"eael-gallery-grid-item\"><div class=\"gallery-item-thumbnail-wrap\"><img decoding=\"async\" src=\"https:\/\/barbarafluxa.com\/wp-content\/uploads\/2021\/01\/RETRATO-BARBAR-FLUXA1.jpg\" data-lazy-src=\"https:\/\/barbarafluxa.com\/wp-content\/uploads\/2021\/01\/RETRATO-BARBAR-FLUXA1.jpg\" alt=\"\" class=\"gallery-item-thumbnail\"><\/div><a href=\"https:\/\/barbarafluxa.com\/wp-content\/uploads\/2021\/01\/RETRATO-BARBAR-FLUXA1.jpg\" class=\"eael-magnific-link eael-magnific-link-clone active media-content-wrap\" data-elementor-open-lightbox=\"no\" title=\"\"><div class=\"gallery-item-caption-wrap caption-style-hoverer eael-slide-up\"><div class=\"gallery-item-hoverer-bg\"><\/div><div class=\"gallery-item-caption-over\"><\/div><\/div><\/a><\/div><\/div><div class=\"eael-filterable-gallery-item-wrap\">\n\t\t\t\t<div class=\"eael-gallery-grid-item\"><div class=\"gallery-item-thumbnail-wrap\"><img decoding=\"async\" src=\"https:\/\/barbarafluxa.com\/wp-content\/uploads\/2021\/01\/SESION-JORNADAS1.jpg\" data-lazy-src=\"https:\/\/barbarafluxa.com\/wp-content\/uploads\/2021\/01\/SESION-JORNADAS1.jpg\" alt=\"\" class=\"gallery-item-thumbnail\"><\/div><a href=\"https:\/\/barbarafluxa.com\/wp-content\/uploads\/2021\/01\/SESION-JORNADAS1.jpg\" class=\"eael-magnific-link eael-magnific-link-clone active media-content-wrap\" data-elementor-open-lightbox=\"no\" title=\"\"><div class=\"gallery-item-caption-wrap caption-style-hoverer eael-slide-up\"><div class=\"gallery-item-hoverer-bg\"><\/div><div class=\"gallery-item-caption-over\"><\/div><\/div><\/a><\/div><\/div><div class=\"eael-filterable-gallery-item-wrap\">\n\t\t\t\t<div class=\"eael-gallery-grid-item\"><div class=\"gallery-item-thumbnail-wrap\"><img decoding=\"async\" src=\"https:\/\/barbarafluxa.com\/wp-content\/uploads\/2022\/12\/Residencias-CReA-012-scaled.jpg\" data-lazy-src=\"https:\/\/barbarafluxa.com\/wp-content\/uploads\/2022\/12\/Residencias-CReA-012-scaled.jpg\" alt=\"\" class=\"gallery-item-thumbnail\"><\/div><a href=\"https:\/\/barbarafluxa.com\/wp-content\/uploads\/2022\/12\/Residencias-CReA-012-scaled.jpg\" class=\"eael-magnific-link eael-magnific-link-clone active media-content-wrap\" data-elementor-open-lightbox=\"no\" title=\"\"><div class=\"gallery-item-caption-wrap caption-style-hoverer eael-slide-up\"><div class=\"gallery-item-hoverer-bg\"><\/div><div class=\"gallery-item-caption-over\"><\/div><\/div><\/a><\/div><\/div><div class=\"eael-filterable-gallery-item-wrap\">\n\t\t\t\t<div class=\"eael-gallery-grid-item\"><div class=\"gallery-item-thumbnail-wrap\"><img decoding=\"async\" src=\"https:\/\/barbarafluxa.com\/wp-content\/uploads\/2022\/12\/Captura-de-pantalla-2022-12-22-202209.jpg\" data-lazy-src=\"https:\/\/barbarafluxa.com\/wp-content\/uploads\/2022\/12\/Captura-de-pantalla-2022-12-22-202209.jpg\" alt=\"\" class=\"gallery-item-thumbnail\"><\/div><a href=\"https:\/\/barbarafluxa.com\/wp-content\/uploads\/2022\/12\/Captura-de-pantalla-2022-12-22-202209.jpg\" class=\"eael-magnific-link eael-magnific-link-clone active media-content-wrap\" data-elementor-open-lightbox=\"no\" title=\"\"><div class=\"gallery-item-caption-wrap caption-style-hoverer eael-slide-up\"><div class=\"gallery-item-hoverer-bg\"><\/div><div class=\"gallery-item-caption-over\"><\/div><\/div><\/a><\/div><\/div>            <\/div>\n            \n                    <\/div>\n        \n        \t\t<\/div>\n\t\t\t\t<\/div>\n\t\t\t\t\t<\/div>\n\t\t<\/div>\n\t\t\t\t\t<\/div>\n\t\t<\/section>\n\t\t\t\t<\/div>","protected":false},"excerpt":{"rendered":"<p>DOCENCIA, CONFERENCIAS Y CURSOS DOCENCIA EN LA UNIVERSIDAD P\u00daBLICA CONFERENCIAS<\/p>","protected":false},"author":1,"featured_media":0,"parent":11893,"menu_order":0,"comment_status":"closed","ping_status":"closed","template":"","meta":{"footnotes":""},"class_list":["post-11846","page","type-page","status-publish"],"_links":{"self":[{"href":"https:\/\/barbarafluxa.com\/en\/wp-json\/wp\/v2\/pages\/11846","targetHints":{"allow":["GET"]}}],"collection":[{"href":"https:\/\/barbarafluxa.com\/en\/wp-json\/wp\/v2\/pages"}],"about":[{"href":"https:\/\/barbarafluxa.com\/en\/wp-json\/wp\/v2\/types\/page"}],"author":[{"embeddable":true,"href":"https:\/\/barbarafluxa.com\/en\/wp-json\/wp\/v2\/users\/1"}],"replies":[{"embeddable":true,"href":"https:\/\/barbarafluxa.com\/en\/wp-json\/wp\/v2\/comments?post=11846"}],"version-history":[{"count":218,"href":"https:\/\/barbarafluxa.com\/en\/wp-json\/wp\/v2\/pages\/11846\/revisions"}],"predecessor-version":[{"id":16971,"href":"https:\/\/barbarafluxa.com\/en\/wp-json\/wp\/v2\/pages\/11846\/revisions\/16971"}],"up":[{"embeddable":true,"href":"https:\/\/barbarafluxa.com\/en\/wp-json\/wp\/v2\/pages\/11893"}],"wp:attachment":[{"href":"https:\/\/barbarafluxa.com\/en\/wp-json\/wp\/v2\/media?parent=11846"}],"curies":[{"name":"wp","href":"https:\/\/api.w.org\/{rel}","templated":true}]}}